{"id":292,"date":"2023-11-14T08:11:02","date_gmt":"2023-11-14T08:11:02","guid":{"rendered":"https:\/\/www.journalism-ethic.com\/tagesprogramm\/"},"modified":"2024-10-09T13:48:47","modified_gmt":"2024-10-09T13:48:47","slug":"programma-del-giorno","status":"publish","type":"page","link":"https:\/\/www.journalism-ethic.com\/it\/programma-del-giorno\/","title":{"rendered":"Programma del giorno"},"content":{"rendered":"<div   class='avia-fullscreen-slider main_color   avia-builder-el-0  el_before_av_fullscreen  avia-builder-el-first  desktop container_wrap fullsize'  ><a href='#next-section' title='' class='scroll-down-link av-control-hidden' aria-hidden='true' data-av_icon='\ue877' data-av_iconfont='entypo-fontello'><\/a><div  class='avia-slideshow av-15e93c-0b9383dda53fb8e9c0eb86f088571da7 avia-slideshow-no scaling av_fullscreen avia-slide-slider desktop av-slideshow-ui av-control-hidden av-no-slider-navigation av-hide-nav-arrows av-slideshow-manual av-loop-once av-loop-manual-endless av-slider-scroll-down-active av-default-height-applied   avia-slideshow-1' data-slideshow-options=\"{&quot;animation&quot;:&quot;slide&quot;,&quot;autoplay&quot;:false,&quot;loop_autoplay&quot;:&quot;once&quot;,&quot;interval&quot;:5,&quot;loop_manual&quot;:&quot;manual-endless&quot;,&quot;autoplay_stopper&quot;:false,&quot;noNavigation&quot;:true,&quot;bg_slider&quot;:true,&quot;keep_padding&quot;:false,&quot;hoverpause&quot;:false,&quot;show_slide_delay&quot;:0,&quot;slide_height&quot;:&quot;100&quot;,&quot;image_attachment&quot;:&quot;&quot;}\"  itemprop=\"image\" itemscope=\"itemscope\" itemtype=\"https:\/\/schema.org\/ImageObject\" ><ul class='avia-slideshow-inner ' style='padding-bottom: 66.647058823529%;'><li style='background-position:center center;' data-img-url='https:\/\/www.journalism-ethic.com\/wp-content\/uploads\/2024\/10\/journalism-ethic_start-2024.png' class='avia-slideshow-slide av-15e93c-0b9383dda53fb8e9c0eb86f088571da7__0  av-single-slide slide-1 slide-odd'><a href=\"#tagesprogramm\"  data-rel='slideshow-1' class='avia-slide-wrap '   ><\/a><\/li><\/ul><\/div><\/div>\n<div   class='avia-fullscreen-slider main_color   avia-builder-el-1  el_after_av_fullscreen  el_before_av_one_full  mobile slider-not-first container_wrap fullsize'  ><a href='#next-section' title='' class='scroll-down-link av-control-hidden' aria-hidden='true' data-av_icon='\ue877' data-av_iconfont='entypo-fontello'><\/a><div  class='avia-slideshow av-qta68-61af676911f593239e70542d31e66cc5 avia-slideshow-no scaling av_fullscreen avia-slide-slider mobile av-slideshow-ui av-control-hidden av-no-slider-navigation av-hide-nav-arrows av-slideshow-manual av-loop-once av-loop-manual-endless av-slider-scroll-down-active av-default-height-applied   avia-slideshow-2' data-slideshow-options=\"{&quot;animation&quot;:&quot;slide&quot;,&quot;autoplay&quot;:false,&quot;loop_autoplay&quot;:&quot;once&quot;,&quot;interval&quot;:5,&quot;loop_manual&quot;:&quot;manual-endless&quot;,&quot;autoplay_stopper&quot;:false,&quot;noNavigation&quot;:true,&quot;bg_slider&quot;:true,&quot;keep_padding&quot;:false,&quot;hoverpause&quot;:false,&quot;show_slide_delay&quot;:0,&quot;slide_height&quot;:&quot;100&quot;,&quot;image_attachment&quot;:&quot;&quot;}\"  itemprop=\"image\" itemscope=\"itemscope\" itemtype=\"https:\/\/schema.org\/ImageObject\" ><ul class='avia-slideshow-inner ' style='padding-bottom: 133.29411764706%;'><li style='background-position:center center;' data-img-url='https:\/\/www.journalism-ethic.com\/wp-content\/uploads\/2024\/10\/journalism-ethic_start-mobile-2024.png' class='avia-slideshow-slide av-qta68-61af676911f593239e70542d31e66cc5__0  av-single-slide slide-1 slide-odd'><a href=\"#tagesprogramm\"  data-rel='slideshow-2' class='avia-slide-wrap '   ><\/a><\/li><\/ul><\/div><\/div><div id='after_full_slider_2'  class='main_color av_default_container_wrap container_wrap fullsize'  ><div class='container av-section-cont-open' ><div class='template-page content  av-content-full alpha units'><div class='post-entry post-entry-type-page post-entry-292'><div class='entry-content-wrapper clearfix'>\n\n<style type=\"text\/css\" data-created_by=\"avia_inline_auto\" id=\"style-css-av-fie0w-b51bb5534398f60a116a10b895d48533\">\n.flex_column.av-fie0w-b51bb5534398f60a116a10b895d48533{\npadding:50px 0 0 0;\n}\n.avia_transform .flex_column.av-fie0w-b51bb5534398f60a116a10b895d48533{\n-webkit-animation-duration:2s;\n-moz-animation-duration:2s;\nanimation-duration:2s;\n}\n<\/style>\n<div  id=\"tagesprogramm\"  class='flex_column av-fie0w-b51bb5534398f60a116a10b895d48533 av_one_full  avia-builder-el-2  el_after_av_fullscreen  el_before_av_section  avia-builder-el-no-sibling  first flex_column_div av-animated-generic bottom-to-top  '     ><p>\n<style type=\"text\/css\" data-created_by=\"avia_inline_auto\" id=\"style-css-av-7b90w-0e58dbb86f689c23a2c3da0a09d381f4\">\n#top .av-special-heading.av-7b90w-0e58dbb86f689c23a2c3da0a09d381f4{\npadding-bottom:10px;\nfont-size:50px;\n}\nbody .av-special-heading.av-7b90w-0e58dbb86f689c23a2c3da0a09d381f4 .av-special-heading-tag .heading-char{\nfont-size:25px;\n}\n#top #wrap_all .av-special-heading.av-7b90w-0e58dbb86f689c23a2c3da0a09d381f4 .av-special-heading-tag{\nfont-size:50px;\n}\n.av-special-heading.av-7b90w-0e58dbb86f689c23a2c3da0a09d381f4 .av-subheading{\nfont-size:22px;\n}\n\n@media only screen and (max-width: 479px){ \n#top #wrap_all .av-special-heading.av-7b90w-0e58dbb86f689c23a2c3da0a09d381f4 .av-special-heading-tag{\nfont-size:34px;\n}\n.av-special-heading.av-7b90w-0e58dbb86f689c23a2c3da0a09d381f4 .av-subheading{\nfont-size:20px;\n}\n}\n\n@media only screen and (min-width: 480px) and (max-width: 767px){ \n#top #wrap_all .av-special-heading.av-7b90w-0e58dbb86f689c23a2c3da0a09d381f4 .av-special-heading-tag{\nfont-size:0.8em;\n}\n}\n<\/style>\n<div  class='av-special-heading av-7b90w-0e58dbb86f689c23a2c3da0a09d381f4 av-special-heading-h1 blockquote modern-quote modern-centered  avia-builder-el-3  el_before_av_heading  avia-builder-el-first  av-inherit-size'><h1 class='av-special-heading-tag'  itemprop=\"headline\"  >1\u00b0 CONVEGNO INTERNAZIONALE<br \/>\nGIORNALISMO <span class='special_amp'>&amp;<\/span> ETICA<\/h1><div class='av-subheading av-subheading_below'><p>7 dicembre 2023 &#8211; ACCADEMIA CUSANUS &#8211; BRESSANONE (BZ)<\/p>\n<\/div><div class=\"special-heading-border\"><div class=\"special-heading-inner-border\"><\/div><\/div><\/div><br \/>\n\n<style type=\"text\/css\" data-created_by=\"avia_inline_auto\" id=\"style-css-av-loy6c0yr-8f780e0d9cac36cbb2c7b0485e96555e\">\n#top .av-special-heading.av-loy6c0yr-8f780e0d9cac36cbb2c7b0485e96555e{\npadding-bottom:10px;\nfont-size:50px;\n}\nbody .av-special-heading.av-loy6c0yr-8f780e0d9cac36cbb2c7b0485e96555e .av-special-heading-tag .heading-char{\nfont-size:25px;\n}\n#top #wrap_all .av-special-heading.av-loy6c0yr-8f780e0d9cac36cbb2c7b0485e96555e .av-special-heading-tag{\nfont-size:50px;\n}\n.av-special-heading.av-loy6c0yr-8f780e0d9cac36cbb2c7b0485e96555e .av-subheading{\nfont-size:16px;\n}\n\n@media only screen and (max-width: 479px){ \n#top #wrap_all .av-special-heading.av-loy6c0yr-8f780e0d9cac36cbb2c7b0485e96555e .av-special-heading-tag{\nfont-size:34px;\n}\n.av-special-heading.av-loy6c0yr-8f780e0d9cac36cbb2c7b0485e96555e .av-subheading{\nfont-size:20px;\n}\n}\n\n@media only screen and (min-width: 480px) and (max-width: 767px){ \n#top #wrap_all .av-special-heading.av-loy6c0yr-8f780e0d9cac36cbb2c7b0485e96555e .av-special-heading-tag{\nfont-size:0.8em;\n}\n}\n<\/style>\n<div  class='av-special-heading av-loy6c0yr-8f780e0d9cac36cbb2c7b0485e96555e av-special-heading-h2 blockquote modern-quote modern-centered  avia-builder-el-4  el_after_av_heading  el_before_av_table  av-inherit-size'><h2 class='av-special-heading-tag'  itemprop=\"headline\"  >Programma del giorno<\/h2><div class=\"special-heading-border\"><div class=\"special-heading-inner-border\"><\/div><\/div><\/div><br \/>\n<div class='avia-data-table-wrap av-8q9u0g-ffa1c01173f0fe1fe163784f0c7b9971 avia_responsive_table avia-table-1'><table  class='avia-table avia-data-table avia_pricing_default  avia-builder-el-5  el_after_av_heading  el_before_av_textblock '  itemscope=\"itemscope\" itemtype=\"https:\/\/schema.org\/Table\" ><tbody><tr class=''><td class=''>ore 8.30 \u2013 9.00<\/td><td class=''>Iscrizioni<\/td><\/tr><tr class=''><td class=''>ore 9.00 \u2013 9.30 <\/td><td class=''>Inizio, saluti:<br \/>\nClaudia Santer, Direktorin der Cusanus-Akademie<br \/>\nSaluto Bischof Ivo Muser Vescovo<\/p>\n<p>Introduzione: Giorgio Vizioli, Giancarlo Riccio<\/td><\/tr><tr class=''><td class=''>ore 9.30 \u2013 10.00<\/td><td class=''>Gian Maria Bedendo: Il difficile ruolo del giornalista tra deontologia e strumenti di informazione<\/td><\/tr><tr class=''><td class=''>ore 10.00 \u2013 10.30<\/td><td class=''>Sonja Kretzschmar: Reportage giornalistico nelle situazioni di guerra e di conflitto<\/td><\/tr><tr class=''><td class=''>ore 10.30 \u2013 11.00<\/td><td class=''>Marco Magheri: Responsabilit\u00e1 e consapevolezza per tutelare il diritto all\u2019informazione <\/td><\/tr><tr class=''><td class=''>ore 11.00 \u2013 11.30<\/td><td class=''>Pausa<\/td><\/tr><tr class=''><td class=''>ore 11.30 \u2013 12.00<\/td><td class=''>Martin Slater: Il concetto di Etica nel Giornalismo e nella Comunicazione anglosassone<\/td><\/tr><tr class=''><td class=''>ore 12.00 \u2013 12.30<\/td><td class=''>Spazio Giovani<br \/>\nCristiana Mastronicola: L\u2019emergere della figura del content creator<br \/>\nGabriele Cruciata: La tecnologia come strumento per elevare la qualit\u00e1 della professione in senso etico<\/td><\/tr><tr class=''><td class=''>ore 12.30 \u2013 14.00<\/td><td class=''>Pausa pranzo<\/td><\/tr><tr class=''><td class=''>ore 14.00 \u2013 14.30<\/td><td class=''>Nona Mikhelidze: Il giornalismo e la cattiva informazione nel contesto di guerra<\/td><\/tr><tr class=''><td class=''>ore 14.30 \u2013 15.00<\/td><td class=''>Christoph Bl\u00e4si: L\u2019intelligenza artificiale nel giornalismo<\/td><\/tr><tr class=''><td class=''>ore 15.00 \u2013 15.30<\/td><td class=''>Vincenzo Varagona: Una nuova dimensione etica e il giornalismo costruttivo <\/td><\/tr><tr class=''><td class=''>ore 15.30 \u2013 16.00<\/td><td class=''>Andreas Pfeifer: \u201eChe cos\u2019\u00e9 la verit\u00e1?\u201c<\/td><\/tr><tr class=''><td class=''>ore 16.00 \u2013 16.30<\/td><td class=''>Dibattito<\/td><\/tr><tr class=''><td class=''>ore 17.00 \u2013 17.15<\/td><td class=''>Pausa<\/td><\/tr><tr class=''><td class=''>ore 17.15 \u2013 18.15<\/td><td class=''>Dibattito con rappresentanti dei media locali<br \/>\nPartecipanti al dibattito: Michaela Mahlknecht (Direttore editoriale Rai S\u00fcdtirol), Floriana Gavazzi (giornalista Rai Alto Adige), Georg Mair (Direttore editoriale FF), Rappresentanti: Salto, Alto Adige<\/td><\/tr><tr class=''><td class=''>ore 18.15 \u2013 18.30<\/td><td class=''>Conclusione e visione \u201eCarta di Bressanone\u201d<\/td><\/tr><tr class=''><td class=''><\/td><td class=''>Degustazione di vini internazionali del &#8220;WineFestival Merano&#8221;<br \/>\n<a href=\"https:\/\/winehunter.it\/\" target=\"_blank\" rel=\"noopener\"><img loading=\"lazy\" decoding=\"async\" class=\"alignnone wp-image-313 size-full\" src=\"https:\/\/www.journalism-ethic.com\/wp-content\/uploads\/2023\/11\/winehunter-logo.png\" alt=\"\" width=\"300\" height=\"140\" \/><\/a><\/td><\/tr><\/tbody><\/table><\/div><br \/>\n<section  class='av_textblock_section av-e18g0-6ccd6348c925cae58e565bc6c3ab6d34 '   itemscope=\"itemscope\" itemtype=\"https:\/\/schema.org\/CreativeWork\" ><div class='avia_textblock'  itemprop=\"text\" ><blockquote>\n<p>Il rapporto tra giornalismo ed etica \u00e8 complesso e molteplice. I giornalisti hanno la responsabilit\u00e0 peculiare di informare il pubblico sugli eventi attuali. Nel farlo devono attenersi a principi etici per garantire l\u2019attendibilit\u00e0 del loro lavoro.<\/p>\n<\/blockquote>\n<p><strong>Moderazione:<\/strong> Massimo Marano<\/p>\n<p><strong>Avviso:<\/strong> \u00c8 stata richiesta la presenza del Ministro della Cultura Gennaro Sangiuliano.<br \/>\nIn collaborazione con: <a href=\"https:\/\/rome.europarl.europa.eu\/it\" target=\"_blank\" rel=\"noopener\">UFFICIO PARLAMENTO EUROPEO IN ITALIA<\/a><\/p>\n<p><strong>Destinatari:<\/strong> Giornalisti, redattrici e redattori, pubblicisti, autrici e autori, editori, progettisti multimediali, persone interessate<\/p>\n<p><strong>Contributo:<\/strong> gratuito<\/p>\n<p>La partecipazione al Convegno dar\u00e0 diritto all\u2019acquisizione di Crediti Formativi Professionali per i Giornalisti iscritti all\u2019Ordine.<\/p>\n<\/div><\/section><\/p><\/div>\n<\/div><\/div><\/div><!-- close content main div --><\/div><\/div>\n<style type=\"text\/css\" data-created_by=\"avia_inline_auto\" id=\"style-css-av-uw57k-b03a0cfd55912742ec01a30cdf87b85c\">\n.avia-section.av-uw57k-b03a0cfd55912742ec01a30cdf87b85c{\nbackground-color:#111111;\nbackground-image:unset;\n}\n<\/style>\n<div id='av_section_1'  class='avia-section av-uw57k-b03a0cfd55912742ec01a30cdf87b85c footer_color avia-section-default avia-no-border-styling  avia-builder-el-7  el_after_av_one_full  el_before_av_hr  avia-bg-style-scroll container_wrap fullsize'  ><div class='container av-section-cont-open' ><div class='template-page content  av-content-full alpha units'><div class='post-entry post-entry-type-page post-entry-292'><div class='entry-content-wrapper clearfix'>\n<div class='flex_column_table av-loy69d4t-52437fd26699b8007ba8bbc83f3f1278 sc-av_one_third av-equal-height-column-flextable'><div  class='flex_column av-loy69d4t-52437fd26699b8007ba8bbc83f3f1278 av_one_third  avia-builder-el-8  el_before_av_two_third  avia-builder-el-first  first flex_column_table_cell av-equal-height-column av-align-top  '     ><style type=\"text\/css\" data-created_by=\"avia_inline_auto\" id=\"style-css-av-loy69la7-e10fff0ba59ab7fa5bc79960627cb62e\">\n.avia-image-container.av-loy69la7-e10fff0ba59ab7fa5bc79960627cb62e img.avia_image{\nbox-shadow:none;\n}\n.avia-image-container.av-loy69la7-e10fff0ba59ab7fa5bc79960627cb62e .av-image-caption-overlay-center{\ncolor:#ffffff;\n}\n<\/style>\n<div  class='avia-image-container av-loy69la7-e10fff0ba59ab7fa5bc79960627cb62e av-styling- avia-align-left  avia-builder-el-9  avia-builder-el-no-sibling '   itemprop=\"image\" itemscope=\"itemscope\" itemtype=\"https:\/\/schema.org\/ImageObject\" ><div class=\"avia-image-container-inner\"><div class=\"avia-image-overlay-wrap\"><a href=\"https:\/\/www.cusanus.bz.it\/it\/accademia-cusanus\/1-0.html\" class=\"avia_image\" target=\"_blank\" rel=\"noopener noreferrer\"><img decoding=\"async\" class='wp-image-58 avia-img-lazy-loading-not-58 avia_image ' src=\"https:\/\/www.journalism-ethic.com\/wp-content\/uploads\/2023\/06\/cusanus-akademie_logo.png\" alt='' title='cusanus-akademie_logo'  height=\"140\" width=\"300\"  itemprop=\"thumbnailUrl\"  \/><\/a><\/div><\/div><\/div><\/div><div class='av-flex-placeholder'><\/div><div  class='flex_column av-939t4-35324b9486ec8da594911f1673843606 av_two_third  avia-builder-el-10  el_after_av_one_third  avia-builder-el-last  flex_column_table_cell av-equal-height-column av-align-top  '     ><section  class='av_textblock_section av-lv8g8-75b59082590a64d9228625890e5d5a7f '   itemscope=\"itemscope\" itemtype=\"https:\/\/schema.org\/CreativeWork\" ><div class='avia_textblock'  itemprop=\"text\" ><p>1\u00b0 Convegno Internazionale Giornalismo &amp; Etica<br \/>\n7 dicembre 2023 &#8211; ACCADEMIA CUSANUS &#8211; BRESSANONE (BZ)<br \/>\nore 8.30 \u2013 18.30<\/p>\n<p style=\"text-align: left;\">Informazioni &amp; iscrizioni:<br \/>\nAccademia-Cusanus- Piazza Seminario, 2 &#8211; 39042 Bressanone<br \/>\nT. <a href=\"tel:\/\/00390472 832 204\">+39 0472 832 204<\/a> &#8211; <a href=\"mailto:info@cusanus.bz.it\">info@cusanus.bz.it<\/a> &#8211; <a href=\"https:\/\/www.cusanus.bz.it\" target=\"_blank\" rel=\"noopener\">www.cusanus.bz.it<\/a><\/p>\n<\/div><\/section><\/div><\/div><!--close column table wrapper. Autoclose: 1 -->\n<\/div><\/div><\/div><!-- close content main div --><\/div><\/div><div id='after_section_1'  class='main_color av_default_container_wrap container_wrap fullsize'  ><div class='container av-section-cont-open' ><div class='template-page content  av-content-full alpha units'><div class='post-entry post-entry-type-page post-entry-292'><div class='entry-content-wrapper clearfix'>\n\n<style type=\"text\/css\" data-created_by=\"avia_inline_auto\" id=\"style-css-av-loy6glib-90cf00015ac65bbe712aff0863ca2d24\">\n#top .hr.hr-invisible.av-loy6glib-90cf00015ac65bbe712aff0863ca2d24{\nheight:20px;\n}\n<\/style>\n<div  class='hr av-loy6glib-90cf00015ac65bbe712aff0863ca2d24 hr-invisible  avia-builder-el-12  el_after_av_section  el_before_av_heading  avia-builder-el-first '><span class='hr-inner '><span class=\"hr-inner-style\"><\/span><\/span><\/div>\n\n<style type=\"text\/css\" data-created_by=\"avia_inline_auto\" id=\"style-css-av-loy1hi8g-07acde708cb10073a5f2db33b2e98062\">\n#top .av-special-heading.av-loy1hi8g-07acde708cb10073a5f2db33b2e98062{\npadding-bottom:0;\nfont-size:50px;\n}\nbody .av-special-heading.av-loy1hi8g-07acde708cb10073a5f2db33b2e98062 .av-special-heading-tag .heading-char{\nfont-size:25px;\n}\n#top #wrap_all .av-special-heading.av-loy1hi8g-07acde708cb10073a5f2db33b2e98062 .av-special-heading-tag{\nfont-size:50px;\n}\n.av-special-heading.av-loy1hi8g-07acde708cb10073a5f2db33b2e98062 .av-subheading{\nfont-size:22px;\n}\n\n@media only screen and (max-width: 479px){ \n#top #wrap_all .av-special-heading.av-loy1hi8g-07acde708cb10073a5f2db33b2e98062 .av-special-heading-tag{\nfont-size:34px;\n}\n.av-special-heading.av-loy1hi8g-07acde708cb10073a5f2db33b2e98062 .av-subheading{\nfont-size:20px;\n}\n}\n\n@media only screen and (min-width: 480px) and (max-width: 767px){ \n#top #wrap_all .av-special-heading.av-loy1hi8g-07acde708cb10073a5f2db33b2e98062 .av-special-heading-tag{\nfont-size:0.8em;\n}\n}\n<\/style>\n<div  id=\"referenten\"  class='av-special-heading av-loy1hi8g-07acde708cb10073a5f2db33b2e98062 av-special-heading-h1 blockquote modern-quote modern-centered  avia-builder-el-13  el_after_av_hr  el_before_av_layout_row  avia-builder-el-last  av-inherit-size'><h1 class='av-special-heading-tag'  itemprop=\"headline\"  >Relatrici <span class='special_amp'>&amp;<\/span> Relatori<\/h1><div class=\"special-heading-border\"><div class=\"special-heading-inner-border\"><\/div><\/div><\/div>\n<\/div><\/div><\/div><!-- close content main div --><\/div><\/div><div id='av-layout-grid-1'  class='av-layout-grid-container av-uu34w-3b6f98f35349d6b416794f96e30894a4 entry-content-wrapper main_color av-flex-cells  avia-builder-el-14  el_after_av_heading  el_before_av_layout_row  grid-row-not-first  container_wrap fullsize'  >\n<div class='flex_cell av-2x1t4-4029827f6d9fbd6dc0dffcf8db37e7f7 av-gridrow-cell av_one_fifth no_margin  avia-builder-el-15  el_before_av_cell_one_fifth  avia-builder-el-first ' ><div class='flex_cell_inner'><p>\n<style type=\"text\/css\" data-created_by=\"avia_inline_auto\" id=\"style-css-av-3442s8-dc4ab2c8c923a174832b25c65853410b\">\n.avia-image-container.av-3442s8-dc4ab2c8c923a174832b25c65853410b img.avia_image{\nbox-shadow:none;\n}\n.avia-image-container.av-3442s8-dc4ab2c8c923a174832b25c65853410b .av-image-caption-overlay-center{\ncolor:#ffffff;\n}\n<\/style>\n<div  class='avia-image-container av-3442s8-dc4ab2c8c923a174832b25c65853410b av-styling- avia_animated_image av-animated-when-visible-95 fade-in avia-align-center  avia-builder-el-16  el_before_av_heading  avia-builder-el-first '   itemprop=\"image\" itemscope=\"itemscope\" itemtype=\"https:\/\/schema.org\/ImageObject\" ><div class=\"avia-image-container-inner\"><div class=\"avia-image-overlay-wrap\"><img decoding=\"async\" class='wp-image-251 avia-img-lazy-loading-not-251 avia_image ' src=\"https:\/\/www.journalism-ethic.com\/wp-content\/uploads\/2023\/11\/Vincenzo-Varagona-sw.jpeg\" alt='' title='Vincenzo-Varagona-sw'  height=\"800\" width=\"600\"  itemprop=\"thumbnailUrl\" srcset=\"https:\/\/www.journalism-ethic.com\/wp-content\/uploads\/2023\/11\/Vincenzo-Varagona-sw.jpeg 600w, https:\/\/www.journalism-ethic.com\/wp-content\/uploads\/2023\/11\/Vincenzo-Varagona-sw-225x300.jpeg 225w, https:\/\/www.journalism-ethic.com\/wp-content\/uploads\/2023\/11\/Vincenzo-Varagona-sw-529x705.jpeg 529w\" sizes=\"(max-width: 600px) 100vw, 600px\" \/><\/div><\/div><\/div><br \/>\n\n<style type=\"text\/css\" data-created_by=\"avia_inline_auto\" id=\"style-css-av-loy1lqnz-8bebf683de6470126b187f6738517354\">\n#top .av-special-heading.av-loy1lqnz-8bebf683de6470126b187f6738517354{\npadding-bottom:10px;\n}\nbody .av-special-heading.av-loy1lqnz-8bebf683de6470126b187f6738517354 .av-special-heading-tag .heading-char{\nfont-size:25px;\n}\n.av-special-heading.av-loy1lqnz-8bebf683de6470126b187f6738517354 .av-subheading{\nfont-size:15px;\n}\n<\/style>\n<div  class='av-special-heading av-loy1lqnz-8bebf683de6470126b187f6738517354 av-special-heading-h2 blockquote modern-quote modern-centered  avia-builder-el-17  el_after_av_image  el_before_av_textblock '><h2 class='av-special-heading-tag'  itemprop=\"headline\"  >Vincenzo Varagona<\/h2><div class=\"special-heading-border\"><div class=\"special-heading-inner-border\"><\/div><\/div><\/div><br \/>\n\n<style type=\"text\/css\" data-created_by=\"avia_inline_auto\" id=\"style-css-av-eniww-3ea515e3c8a8bdb4d3a90246abce7002\">\n#top .av_textblock_section.av-eniww-3ea515e3c8a8bdb4d3a90246abce7002 .avia_textblock{\nfont-size:16px;\n}\n.avia-fold-unfold-section.av-fold-textblock-av-eniww-3ea515e3c8a8bdb4d3a90246abce7002 .av-fold-unfold-container{\nmax-height:80px;\n}\n<\/style>\n<section id=\"avia_sc_text_3\" class='av_textblock_section av-eniww-3ea515e3c8a8bdb4d3a90246abce7002 avia-fold-unfold-section avia-fold-textblock-wrap avia-fold-init av-fold-textblock-av-eniww-3ea515e3c8a8bdb4d3a90246abce7002 avia-size-small align-center' data-fold_unfold=\"{&quot;type&quot;:&quot;avia-fold-unfold-section&quot;,&quot;height&quot;:80,&quot;more&quot;:&quot;continua&quot;,&quot;less&quot;:&quot;riduci&quot;,&quot;context&quot;:&quot;avia_sc_text&quot;}\"  itemscope=\"itemscope\" itemtype=\"https:\/\/schema.org\/CreativeWork\" ><div class=\"av-fold-unfold-container folded\"><\/div><div class='av-fold-button-wrapper av-textblock-btn-wrap avia-button-wrap'><a href=\"#\" class=\"av-fold-button-container  avia-button avia-size-small avia-color-dark\" data-ignore_hash=\"1\" data-no_scroll_in_viewport=\"1\" data-scroll_top_offset=\"50\">continua<\/a><\/div><div class='avia_textblock'  itemprop=\"text\" ><p style=\"text-align: left;\">Giornalista, collabora con Avvenire e Famiglia Cristiana. Dal 1987 lavora nella redazione del Tgr Rai, di cui era vicecaporedattore. Ha realizzato reportage nei Balcani in guerra, in Medio Oriente e in Africa. \u00c8 presidente dell Ucsi (Unione Cattolica Stampa Italiana).<\/p>\n<p><strong>Programma: <\/strong>per recuperare la crisi di fiducia e credibilit\u00e0 nell&#8217;opinione pubblica che grava sui giornalisti \u00e8 necessario tornare a un giornalmente &#8216;lento&#8217;, riflessivo, che riporti la persona al centro del nostro lavoro. La proposta che arriva da Ucsi in un&#8217;alleanza con istituzioni della professione e movimenti di giornalismo sociale \u00e8 quella del giornalismo costruttivo, o giornalismo delle soluzioni.<\/p>\n<\/div><\/section><\/p>\n<\/div><\/div><div class='flex_cell av-kghag-ec56492c07aeb744b18ca27fddd2ff76 av-gridrow-cell av_one_fifth no_margin  avia-builder-el-19  el_after_av_cell_one_fifth  el_before_av_cell_one_fifth ' ><div class='flex_cell_inner'><p>\n<style type=\"text\/css\" data-created_by=\"avia_inline_auto\" id=\"style-css-av-2si0mo-e20c4b49bdc04e6448772fd5b0758baf\">\n.avia-image-container.av-2si0mo-e20c4b49bdc04e6448772fd5b0758baf img.avia_image{\nbox-shadow:none;\n}\n.avia-image-container.av-2si0mo-e20c4b49bdc04e6448772fd5b0758baf .av-image-caption-overlay-center{\ncolor:#ffffff;\n}\n<\/style>\n<div  class='avia-image-container av-2si0mo-e20c4b49bdc04e6448772fd5b0758baf av-styling- avia_animated_image av-animated-when-visible-95 fade-in avia-align-center  avia-builder-el-20  el_before_av_heading  avia-builder-el-first '   itemprop=\"image\" itemscope=\"itemscope\" itemtype=\"https:\/\/schema.org\/ImageObject\" ><div class=\"avia-image-container-inner\"><div class=\"avia-image-overlay-wrap\"><img decoding=\"async\" class='wp-image-253 avia-img-lazy-loading-not-253 avia_image ' src=\"https:\/\/www.journalism-ethic.com\/wp-content\/uploads\/2023\/11\/Christoph-Blaesi-sw.jpeg\" alt='' title='Christoph-Blaesi-sw'  height=\"800\" width=\"600\"  itemprop=\"thumbnailUrl\" srcset=\"https:\/\/www.journalism-ethic.com\/wp-content\/uploads\/2023\/11\/Christoph-Blaesi-sw.jpeg 600w, https:\/\/www.journalism-ethic.com\/wp-content\/uploads\/2023\/11\/Christoph-Blaesi-sw-225x300.jpeg 225w, https:\/\/www.journalism-ethic.com\/wp-content\/uploads\/2023\/11\/Christoph-Blaesi-sw-529x705.jpeg 529w\" sizes=\"(max-width: 600px) 100vw, 600px\" \/><\/div><\/div><\/div><br \/>\n\n<style type=\"text\/css\" data-created_by=\"avia_inline_auto\" id=\"style-css-av-loy1m96o-882016f196310406ccfbe81856883257\">\n#top .av-special-heading.av-loy1m96o-882016f196310406ccfbe81856883257{\npadding-bottom:10px;\n}\nbody .av-special-heading.av-loy1m96o-882016f196310406ccfbe81856883257 .av-special-heading-tag .heading-char{\nfont-size:25px;\n}\n.av-special-heading.av-loy1m96o-882016f196310406ccfbe81856883257 .av-subheading{\nfont-size:15px;\n}\n<\/style>\n<div  class='av-special-heading av-loy1m96o-882016f196310406ccfbe81856883257 av-special-heading-h2 blockquote modern-quote modern-centered  avia-builder-el-21  el_after_av_image  el_before_av_textblock '><h2 class='av-special-heading-tag'  itemprop=\"headline\"  >Christoph Bl\u00e4si<\/h2><div class=\"special-heading-border\"><div class=\"special-heading-inner-border\"><\/div><\/div><\/div><br \/>\n\n<style type=\"text\/css\" data-created_by=\"avia_inline_auto\" id=\"style-css-av-loy2i8jf-d6e57ae0db4ead51451bc1d2ececbd49\">\n#top .av_textblock_section.av-loy2i8jf-d6e57ae0db4ead51451bc1d2ececbd49 .avia_textblock{\nfont-size:16px;\n}\n.avia-fold-unfold-section.av-fold-textblock-av-loy2i8jf-d6e57ae0db4ead51451bc1d2ececbd49 .av-fold-unfold-container{\nmax-height:80px;\n}\n<\/style>\n<section id=\"avia_sc_text_4\" class='av_textblock_section av-loy2i8jf-d6e57ae0db4ead51451bc1d2ececbd49 avia-fold-unfold-section avia-fold-textblock-wrap avia-fold-init av-fold-textblock-av-loy2i8jf-d6e57ae0db4ead51451bc1d2ececbd49 avia-size-small align-center' data-fold_unfold=\"{&quot;type&quot;:&quot;avia-fold-unfold-section&quot;,&quot;height&quot;:80,&quot;more&quot;:&quot;continua&quot;,&quot;less&quot;:&quot;riduci&quot;,&quot;context&quot;:&quot;avia_sc_text&quot;}\"  itemscope=\"itemscope\" itemtype=\"https:\/\/schema.org\/CreativeWork\" ><div class=\"av-fold-unfold-container folded\"><\/div><div class='av-fold-button-wrapper av-textblock-btn-wrap avia-button-wrap'><a href=\"#\" class=\"av-fold-button-container  avia-button avia-size-small avia-color-dark\" data-ignore_hash=\"1\" data-no_scroll_in_viewport=\"1\" data-scroll_top_offset=\"50\">continua<\/a><\/div><div class='avia_textblock'  itemprop=\"text\" ><p style=\"text-align: left;\">Professore di scienze di bibliosofia presso l\u2019Universit\u00e0 Johannes Gutenberg di Magonza. Attualmente si occupa di applicazioni riguardanti l\u2019intelligenza artificiale nel mondo der libro.<\/p>\n<p><strong>Programma: <\/strong>L&#8217;IA nei media testuali: aumento della produttivit\u00e0 e sfide etiche specifiche. Zoomando sull&#8217;uso degli strumenti di IA in settori molto diversi dell&#8217;industria dei media testuali (dall&#8217;automazione del marketing alla contabilit\u00e0), illustrer\u00f2 brevemente gli aspetti chiave del funzionamento di base degli strumenti di IA, presenter\u00f2 alcuni strumenti per il settore editoriale-giornalistico e &#8211; non da ultimo in analogia con la scrittura di testi scientifici con l&#8217;aiuto di grandi modelli linguistici &#8211; indicher\u00f2 le sfide etiche specifiche e presenter\u00f2 i primi approcci per affrontarle e prepararle alla discussione.<\/p>\n<\/div><\/section><\/p>\n<\/div><\/div><div class='flex_cell av-dfwp4-c2c31be93dc269650af9d862ec99fcb4 av-gridrow-cell av_one_fifth no_margin  avia-builder-el-23  el_after_av_cell_one_fifth  el_before_av_cell_one_fifth ' ><div class='flex_cell_inner'><p>\n<style type=\"text\/css\" data-created_by=\"avia_inline_auto\" id=\"style-css-av-2gxl48-4c47759e8f40a7c4cacddd026105d402\">\n.avia-image-container.av-2gxl48-4c47759e8f40a7c4cacddd026105d402 img.avia_image{\nbox-shadow:none;\n}\n.avia-image-container.av-2gxl48-4c47759e8f40a7c4cacddd026105d402 .av-image-caption-overlay-center{\ncolor:#ffffff;\n}\n<\/style>\n<div  class='avia-image-container av-2gxl48-4c47759e8f40a7c4cacddd026105d402 av-styling- avia_animated_image av-animated-when-visible-95 fade-in avia-align-center  avia-builder-el-24  el_before_av_heading  avia-builder-el-first '   itemprop=\"image\" itemscope=\"itemscope\" itemtype=\"https:\/\/schema.org\/ImageObject\" ><div class=\"avia-image-container-inner\"><div class=\"avia-image-overlay-wrap\"><img decoding=\"async\" class='wp-image-255 avia-img-lazy-loading-not-255 avia_image ' src=\"https:\/\/www.journalism-ethic.com\/wp-content\/uploads\/2023\/11\/AndreasPfeifer_01-sw.jpeg\" alt='' title='AndreasPfeifer_01-sw'  height=\"800\" width=\"600\"  itemprop=\"thumbnailUrl\" srcset=\"https:\/\/www.journalism-ethic.com\/wp-content\/uploads\/2023\/11\/AndreasPfeifer_01-sw.jpeg 600w, https:\/\/www.journalism-ethic.com\/wp-content\/uploads\/2023\/11\/AndreasPfeifer_01-sw-225x300.jpeg 225w, https:\/\/www.journalism-ethic.com\/wp-content\/uploads\/2023\/11\/AndreasPfeifer_01-sw-529x705.jpeg 529w\" sizes=\"(max-width: 600px) 100vw, 600px\" \/><\/div><\/div><\/div><br \/>\n\n<style type=\"text\/css\" data-created_by=\"avia_inline_auto\" id=\"style-css-av-loy1mqps-ae1e0b1fb92f434ccfc85da91ac5866b\">\n#top .av-special-heading.av-loy1mqps-ae1e0b1fb92f434ccfc85da91ac5866b{\npadding-bottom:10px;\n}\nbody .av-special-heading.av-loy1mqps-ae1e0b1fb92f434ccfc85da91ac5866b .av-special-heading-tag .heading-char{\nfont-size:25px;\n}\n.av-special-heading.av-loy1mqps-ae1e0b1fb92f434ccfc85da91ac5866b .av-subheading{\nfont-size:15px;\n}\n<\/style>\n<div  class='av-special-heading av-loy1mqps-ae1e0b1fb92f434ccfc85da91ac5866b av-special-heading-h2 blockquote modern-quote modern-centered  avia-builder-el-25  el_after_av_image  el_before_av_textblock '><h2 class='av-special-heading-tag'  itemprop=\"headline\"  >Andreas Pfeifer<\/h2><div class=\"special-heading-border\"><div class=\"special-heading-inner-border\"><\/div><\/div><\/div><br \/>\n\n<style type=\"text\/css\" data-created_by=\"avia_inline_auto\" id=\"style-css-av-loy2kodx-b9ef034e1b155f3ba92e4982c9d26609\">\n#top .av_textblock_section.av-loy2kodx-b9ef034e1b155f3ba92e4982c9d26609 .avia_textblock{\nfont-size:16px;\n}\n.avia-fold-unfold-section.av-fold-textblock-av-loy2kodx-b9ef034e1b155f3ba92e4982c9d26609 .av-fold-unfold-container{\nmax-height:80px;\n}\n<\/style>\n<section id=\"avia_sc_text_5\" class='av_textblock_section av-loy2kodx-b9ef034e1b155f3ba92e4982c9d26609 avia-fold-unfold-section avia-fold-textblock-wrap avia-fold-init av-fold-textblock-av-loy2kodx-b9ef034e1b155f3ba92e4982c9d26609 avia-size-small align-center' data-fold_unfold=\"{&quot;type&quot;:&quot;avia-fold-unfold-section&quot;,&quot;height&quot;:80,&quot;more&quot;:&quot;continua&quot;,&quot;less&quot;:&quot;riduci&quot;,&quot;context&quot;:&quot;avia_sc_text&quot;}\"  itemscope=\"itemscope\" itemtype=\"https:\/\/schema.org\/CreativeWork\" ><div class=\"av-fold-unfold-container folded\"><\/div><div class='av-fold-button-wrapper av-textblock-btn-wrap avia-button-wrap'><a href=\"#\" class=\"av-fold-button-container  avia-button avia-size-small avia-color-dark\" data-ignore_hash=\"1\" data-no_scroll_in_viewport=\"1\" data-scroll_top_offset=\"50\">continua<\/a><\/div><div class='avia_textblock'  itemprop=\"text\" ><p style=\"text-align: left;\">Dal 1988 giornalista e redattore per i temi politica e cultura presso la televisione statale austriaca ORF. \u00c8 stato nominato responsabile d\u2019ufficio di corrispondenza a Roma. Dal 2021 ha assunto la direzione dell\u2019ufficio ORF a Berlino. Ha ottenuto il prestigioso Premio Robert Hochner per eccellenti resultati giornalistici.<\/p>\n<p style=\"text-align: left;\"><strong>Programma: <\/strong>&#8220;Cos&#8217;\u00e8 la verit\u00e0?&#8221; Il controllo offuscato e manipolativo del flusso di informazioni attraverso le \u201cfake news\u201d rappresenta una vera sfida per il giornalismo: Mentre aumenta lo sforzo necessario per verificare fonti e contenuti, diminuisce la fiducia riposta in lui dal suo pubblico. Nella sua conferenza Andreas Pfeifer descrive come i media pubblici affrontano questa sfida e quali pericoli corre la societ\u00e0.<\/p>\n<\/div><\/section><\/p>\n<\/div><\/div><div class='flex_cell av-9zp8w-0b7d03832a0bb36191a38a0701724374 av-gridrow-cell av_one_fifth no_margin  avia-builder-el-27  el_after_av_cell_one_fifth  el_before_av_cell_one_fifth ' ><div class='flex_cell_inner'><p>\n<style type=\"text\/css\" data-created_by=\"avia_inline_auto\" id=\"style-css-av-4ndc7k-1f4fe5fda75bc7eed78731ac821f07e2\">\n.avia-image-container.av-4ndc7k-1f4fe5fda75bc7eed78731ac821f07e2 img.avia_image{\nbox-shadow:none;\n}\n.avia-image-container.av-4ndc7k-1f4fe5fda75bc7eed78731ac821f07e2 .av-image-caption-overlay-center{\ncolor:#ffffff;\n}\n<\/style>\n<div  class='avia-image-container av-4ndc7k-1f4fe5fda75bc7eed78731ac821f07e2 av-styling- avia_animated_image av-animated-when-visible-95 fade-in avia-align-center  avia-builder-el-28  el_before_av_heading  avia-builder-el-first '   itemprop=\"image\" itemscope=\"itemscope\" itemtype=\"https:\/\/schema.org\/ImageObject\" ><div class=\"avia-image-container-inner\"><div class=\"avia-image-overlay-wrap\"><img decoding=\"async\" class='wp-image-257 avia-img-lazy-loading-not-257 avia_image ' src=\"https:\/\/www.journalism-ethic.com\/wp-content\/uploads\/2023\/11\/Sonja-Kretzschmar-sw.jpeg\" alt='' title='Sonja-Kretzschmar-sw'  height=\"800\" width=\"600\"  itemprop=\"thumbnailUrl\" srcset=\"https:\/\/www.journalism-ethic.com\/wp-content\/uploads\/2023\/11\/Sonja-Kretzschmar-sw.jpeg 600w, https:\/\/www.journalism-ethic.com\/wp-content\/uploads\/2023\/11\/Sonja-Kretzschmar-sw-225x300.jpeg 225w, https:\/\/www.journalism-ethic.com\/wp-content\/uploads\/2023\/11\/Sonja-Kretzschmar-sw-529x705.jpeg 529w\" sizes=\"(max-width: 600px) 100vw, 600px\" \/><\/div><\/div><\/div><br \/>\n\n<style type=\"text\/css\" data-created_by=\"avia_inline_auto\" id=\"style-css-av-loy1irrh-484283b35ce05a7428369a9ba4b9a545\">\n#top .av-special-heading.av-loy1irrh-484283b35ce05a7428369a9ba4b9a545{\npadding-bottom:10px;\n}\nbody .av-special-heading.av-loy1irrh-484283b35ce05a7428369a9ba4b9a545 .av-special-heading-tag .heading-char{\nfont-size:25px;\n}\n.av-special-heading.av-loy1irrh-484283b35ce05a7428369a9ba4b9a545 .av-subheading{\nfont-size:15px;\n}\n<\/style>\n<div  class='av-special-heading av-loy1irrh-484283b35ce05a7428369a9ba4b9a545 av-special-heading-h2 blockquote modern-quote modern-centered  avia-builder-el-29  el_after_av_image  el_before_av_textblock '><h2 class='av-special-heading-tag'  itemprop=\"headline\"  >Sonja Kretzschmar<\/h2><div class=\"special-heading-border\"><div class=\"special-heading-inner-border\"><\/div><\/div><\/div><br \/>\n\n<style type=\"text\/css\" data-created_by=\"avia_inline_auto\" id=\"style-css-av-loy2msac-d9917e896c9b8d73a496bf67cdcb09a6\">\n#top .av_textblock_section.av-loy2msac-d9917e896c9b8d73a496bf67cdcb09a6 .avia_textblock{\nfont-size:16px;\n}\n.avia-fold-unfold-section.av-fold-textblock-av-loy2msac-d9917e896c9b8d73a496bf67cdcb09a6 .av-fold-unfold-container{\nmax-height:80px;\n}\n<\/style>\n<section id=\"avia_sc_text_6\" class='av_textblock_section av-loy2msac-d9917e896c9b8d73a496bf67cdcb09a6 avia-fold-unfold-section avia-fold-textblock-wrap avia-fold-init av-fold-textblock-av-loy2msac-d9917e896c9b8d73a496bf67cdcb09a6 avia-size-small align-center' data-fold_unfold=\"{&quot;type&quot;:&quot;avia-fold-unfold-section&quot;,&quot;height&quot;:80,&quot;more&quot;:&quot;continua&quot;,&quot;less&quot;:&quot;riduci&quot;,&quot;context&quot;:&quot;avia_sc_text&quot;}\"  itemscope=\"itemscope\" itemtype=\"https:\/\/schema.org\/CreativeWork\" ><div class=\"av-fold-unfold-container folded\"><\/div><div class='av-fold-button-wrapper av-textblock-btn-wrap avia-button-wrap'><a href=\"#\" class=\"av-fold-button-container  avia-button avia-size-small avia-color-dark\" data-ignore_hash=\"1\" data-no_scroll_in_viewport=\"1\" data-scroll_top_offset=\"50\">continua<\/a><\/div><div class='avia_textblock'  itemprop=\"text\" ><p style=\"text-align: left;\">Professoressa per l\u2019innovazione nel giornalismo presso l\u2019Accademia delle Forze Armate a Monaco, nel corso \u201emanagement e media\u201c responsabile per il tema etica nei media.<\/p>\n<p style=\"text-align: left;\"><strong>Programma: <\/strong>Il reportage giornalistico \u00e8 spesso pi\u00f9 difficile nelle situazioni di guerra e di conflitto. Le ricerche in loco sono spesso impossibili per motivi di sicurezza e la verifica dei fatti \u00e8 difficile o addirittura impossibile. Le parti coinvolte nel conflitto hanno spesso forti interessi a diffondere la propria narrazione degli eventi. A ci\u00f2 si aggiunge il confronto con la sofferenza umana. Come agire quindi in modo etico e responsabile dal punto di vista giornalistico? La dottoressa Kretzschmar dirige il progetto &#8220;Media for Peace&#8221; presso l&#8217;Accademia delle Forze Armate di Monaco, che cerca di dare una risposta a queste domande.<\/p>\n<\/div><\/section><\/p>\n<\/div><\/div><div class='flex_cell av-7nn0g-351f682ec20692142097e7f4a8ff5a87 av-gridrow-cell av_one_fifth no_margin  avia-builder-el-31  el_after_av_cell_one_fifth  avia-builder-el-last ' ><div class='flex_cell_inner'><p>\n<style type=\"text\/css\" data-created_by=\"avia_inline_auto\" id=\"style-css-av-3sucxs-3c74843bdcdea763b0d17dbb9c1e0626\">\n.avia-image-container.av-3sucxs-3c74843bdcdea763b0d17dbb9c1e0626 img.avia_image{\nbox-shadow:none;\n}\n.avia-image-container.av-3sucxs-3c74843bdcdea763b0d17dbb9c1e0626 .av-image-caption-overlay-center{\ncolor:#ffffff;\n}\n<\/style>\n<div  class='avia-image-container av-3sucxs-3c74843bdcdea763b0d17dbb9c1e0626 av-styling- avia_animated_image av-animated-when-visible-95 fade-in avia-align-center  avia-builder-el-32  el_before_av_heading  avia-builder-el-first '   itemprop=\"image\" itemscope=\"itemscope\" itemtype=\"https:\/\/schema.org\/ImageObject\" ><div class=\"avia-image-container-inner\"><div class=\"avia-image-overlay-wrap\"><img decoding=\"async\" class='wp-image-259 avia-img-lazy-loading-not-259 avia_image ' src=\"https:\/\/www.journalism-ethic.com\/wp-content\/uploads\/2023\/11\/Gabriele-Cruciata-sw.jpeg\" alt='' title='Gabriele-Cruciata-sw'  height=\"801\" width=\"600\"  itemprop=\"thumbnailUrl\" srcset=\"https:\/\/www.journalism-ethic.com\/wp-content\/uploads\/2023\/11\/Gabriele-Cruciata-sw.jpeg 600w, https:\/\/www.journalism-ethic.com\/wp-content\/uploads\/2023\/11\/Gabriele-Cruciata-sw-225x300.jpeg 225w, https:\/\/www.journalism-ethic.com\/wp-content\/uploads\/2023\/11\/Gabriele-Cruciata-sw-528x705.jpeg 528w\" sizes=\"(max-width: 600px) 100vw, 600px\" \/><\/div><\/div><\/div><br \/>\n\n<style type=\"text\/css\" data-created_by=\"avia_inline_auto\" id=\"style-css-av-loy1kjqp-af621de362956a09c9ca396357329ae9\">\n#top .av-special-heading.av-loy1kjqp-af621de362956a09c9ca396357329ae9{\npadding-bottom:10px;\n}\nbody .av-special-heading.av-loy1kjqp-af621de362956a09c9ca396357329ae9 .av-special-heading-tag .heading-char{\nfont-size:25px;\n}\n.av-special-heading.av-loy1kjqp-af621de362956a09c9ca396357329ae9 .av-subheading{\nfont-size:15px;\n}\n<\/style>\n<div  class='av-special-heading av-loy1kjqp-af621de362956a09c9ca396357329ae9 av-special-heading-h2 blockquote modern-quote modern-centered  avia-builder-el-33  el_after_av_image  el_before_av_textblock '><h2 class='av-special-heading-tag'  itemprop=\"headline\"  >Gabriele Cruciata<\/h2><div class=\"special-heading-border\"><div class=\"special-heading-inner-border\"><\/div><\/div><\/div><br \/>\n\n<style type=\"text\/css\" data-created_by=\"avia_inline_auto\" id=\"style-css-av-loy2nwv0-8e38c1933c7995b2d5fea8028048d44c\">\n#top .av_textblock_section.av-loy2nwv0-8e38c1933c7995b2d5fea8028048d44c .avia_textblock{\nfont-size:16px;\n}\n.avia-fold-unfold-section.av-fold-textblock-av-loy2nwv0-8e38c1933c7995b2d5fea8028048d44c .av-fold-unfold-container{\nmax-height:80px;\n}\n<\/style>\n<section id=\"avia_sc_text_7\" class='av_textblock_section av-loy2nwv0-8e38c1933c7995b2d5fea8028048d44c avia-fold-unfold-section avia-fold-textblock-wrap avia-fold-init av-fold-textblock-av-loy2nwv0-8e38c1933c7995b2d5fea8028048d44c avia-size-small align-center' data-fold_unfold=\"{&quot;type&quot;:&quot;avia-fold-unfold-section&quot;,&quot;height&quot;:80,&quot;more&quot;:&quot;continua&quot;,&quot;less&quot;:&quot;riduci&quot;,&quot;context&quot;:&quot;avia_sc_text&quot;}\"  itemscope=\"itemscope\" itemtype=\"https:\/\/schema.org\/CreativeWork\" ><div class=\"av-fold-unfold-container folded\"><\/div><div class='av-fold-button-wrapper av-textblock-btn-wrap avia-button-wrap'><a href=\"#\" class=\"av-fold-button-container  avia-button avia-size-small avia-color-dark\" data-ignore_hash=\"1\" data-no_scroll_in_viewport=\"1\" data-scroll_top_offset=\"50\">continua<\/a><\/div><div class='avia_textblock'  itemprop=\"text\" ><p style=\"text-align: left;\">Classe 1994, giornalista, podcaster e formatore italiano, specializzato in reportage, inchieste e slow journalism. Ha vinto il premio Roberto Morrione.<\/p>\n<p style=\"text-align: left;\"><strong>Programma: <\/strong>La tecnologia pu\u00f2 essere utilizzata nel giornalismo per elevare la qualit\u00e0 del nostro lavoro in senso etico, ossia applicando le norme deontologiche che gi\u00e0 esistono. Ma per fare questo \u00e8 necessario conoscere le tecnologie e capirle, altrimenti vi \u00e8 il rischio di sfociare in un conflitto generazionale costoso e inutile.<\/p>\n<\/div><\/section><\/p>\n<\/div><\/div>\n<\/div>\n<div id='av-layout-grid-2'  class='av-layout-grid-container av-134szs-4328341766072db54c3fca2f1ba3c196 entry-content-wrapper main_color av-flex-cells  avia-builder-el-35  el_after_av_layout_row  el_before_av_layout_row  grid-row-not-first  container_wrap fullsize'  >\n<div class='flex_cell av-y8blk-8312f5262fc13c3d38f61d177aa8c382 av-gridrow-cell av_one_fifth no_margin  avia-builder-el-36  el_before_av_cell_one_fifth  avia-builder-el-first ' ><div class='flex_cell_inner'><p>\n<style type=\"text\/css\" data-created_by=\"avia_inline_auto\" id=\"style-css-av-40ug2w-984540b96eed2fc57fd935a0ca8728da\">\n.avia-image-container.av-40ug2w-984540b96eed2fc57fd935a0ca8728da img.avia_image{\nbox-shadow:none;\n}\n.avia-image-container.av-40ug2w-984540b96eed2fc57fd935a0ca8728da .av-image-caption-overlay-center{\ncolor:#ffffff;\n}\n<\/style>\n<div  class='avia-image-container av-40ug2w-984540b96eed2fc57fd935a0ca8728da av-styling- avia_animated_image av-animated-when-visible-95 fade-in avia-align-center  avia-builder-el-37  el_before_av_heading  avia-builder-el-first '   itemprop=\"image\" itemscope=\"itemscope\" itemtype=\"https:\/\/schema.org\/ImageObject\" ><div class=\"avia-image-container-inner\"><div class=\"avia-image-overlay-wrap\"><img decoding=\"async\" class='wp-image-261 avia-img-lazy-loading-not-261 avia_image ' src=\"https:\/\/www.journalism-ethic.com\/wp-content\/uploads\/2023\/11\/CRISTIANA-MASTRONICOLA-sw.jpeg\" alt='' title='CRISTIANA-MASTRONICOLA-sw'  height=\"800\" width=\"600\"  itemprop=\"thumbnailUrl\" srcset=\"https:\/\/www.journalism-ethic.com\/wp-content\/uploads\/2023\/11\/CRISTIANA-MASTRONICOLA-sw.jpeg 600w, https:\/\/www.journalism-ethic.com\/wp-content\/uploads\/2023\/11\/CRISTIANA-MASTRONICOLA-sw-225x300.jpeg 225w, https:\/\/www.journalism-ethic.com\/wp-content\/uploads\/2023\/11\/CRISTIANA-MASTRONICOLA-sw-529x705.jpeg 529w\" sizes=\"(max-width: 600px) 100vw, 600px\" \/><\/div><\/div><\/div><br \/>\n\n<style type=\"text\/css\" data-created_by=\"avia_inline_auto\" id=\"style-css-av-loy1k1jn-146ad29edc8cb08e3f8e4a4427b2e4f9\">\n#top .av-special-heading.av-loy1k1jn-146ad29edc8cb08e3f8e4a4427b2e4f9{\npadding-bottom:10px;\n}\nbody .av-special-heading.av-loy1k1jn-146ad29edc8cb08e3f8e4a4427b2e4f9 .av-special-heading-tag .heading-char{\nfont-size:25px;\n}\n.av-special-heading.av-loy1k1jn-146ad29edc8cb08e3f8e4a4427b2e4f9 .av-subheading{\nfont-size:15px;\n}\n<\/style>\n<div  class='av-special-heading av-loy1k1jn-146ad29edc8cb08e3f8e4a4427b2e4f9 av-special-heading-h2 blockquote modern-quote modern-centered  avia-builder-el-38  el_after_av_image  el_before_av_textblock '><h2 class='av-special-heading-tag'  itemprop=\"headline\"  >Cristiana Mastronicola<\/h2><div class=\"special-heading-border\"><div class=\"special-heading-inner-border\"><\/div><\/div><\/div><br \/>\n\n<style type=\"text\/css\" data-created_by=\"avia_inline_auto\" id=\"style-css-av-9h2q0-fba486b5ee88514fd02abafea69d7d06\">\n#top .av_textblock_section.av-9h2q0-fba486b5ee88514fd02abafea69d7d06 .avia_textblock{\nfont-size:16px;\n}\n.avia-fold-unfold-section.av-fold-textblock-av-9h2q0-fba486b5ee88514fd02abafea69d7d06 .av-fold-unfold-container{\nmax-height:80px;\n}\n<\/style>\n<section id=\"avia_sc_text_8\" class='av_textblock_section av-9h2q0-fba486b5ee88514fd02abafea69d7d06 avia-fold-unfold-section avia-fold-textblock-wrap avia-fold-init av-fold-textblock-av-9h2q0-fba486b5ee88514fd02abafea69d7d06 avia-size-small align-center' data-fold_unfold=\"{&quot;type&quot;:&quot;avia-fold-unfold-section&quot;,&quot;height&quot;:80,&quot;more&quot;:&quot;continua&quot;,&quot;less&quot;:&quot;riduci&quot;,&quot;context&quot;:&quot;avia_sc_text&quot;}\"  itemscope=\"itemscope\" itemtype=\"https:\/\/schema.org\/CreativeWork\" ><div class=\"av-fold-unfold-container folded\"><\/div><div class='av-fold-button-wrapper av-textblock-btn-wrap avia-button-wrap'><a href=\"#\" class=\"av-fold-button-container  avia-button avia-size-small avia-color-dark\" data-ignore_hash=\"1\" data-no_scroll_in_viewport=\"1\" data-scroll_top_offset=\"50\">continua<\/a><\/div><div class='avia_textblock'  itemprop=\"text\" ><p style=\"text-align: left;\">Classe 1990, videoreporter nel team di inchiesta di fanpage.it. Con il suo team ha vinto il Premio Ussi 2022.<\/p>\n<p style=\"text-align: left;\"><strong>Programma: <\/strong>I giornali spesso si trovano a dare notizie secondo logiche che sfuggono al lettore, districandosi tra fake news, algoritmi e pubblicit\u00e0. Ad aggiungere complessit\u00e0 \u00e8 l&#8217;emergere della figura del content creator: una minaccia o un nuovo modo di fare informazione?<\/p>\n<\/div><\/section><\/p>\n<\/div><\/div><div class='flex_cell av-robgg-c0d3381104ec9dcac59e5d0fb3e3bef7 av-gridrow-cell av_one_fifth no_margin  avia-builder-el-40  el_after_av_cell_one_fifth  el_before_av_cell_one_fifth ' ><div class='flex_cell_inner'><p>\n<style type=\"text\/css\" data-created_by=\"avia_inline_auto\" id=\"style-css-av-4cugjs-df81d452a21bcb8d66b079e40e832d25\">\n.avia-image-container.av-4cugjs-df81d452a21bcb8d66b079e40e832d25 img.avia_image{\nbox-shadow:none;\n}\n.avia-image-container.av-4cugjs-df81d452a21bcb8d66b079e40e832d25 .av-image-caption-overlay-center{\ncolor:#ffffff;\n}\n<\/style>\n<div  class='avia-image-container av-4cugjs-df81d452a21bcb8d66b079e40e832d25 av-styling- avia_animated_image av-animated-when-visible-95 fade-in avia-align-center  avia-builder-el-41  el_before_av_heading  avia-builder-el-first '   itemprop=\"image\" itemscope=\"itemscope\" itemtype=\"https:\/\/schema.org\/ImageObject\" ><div class=\"avia-image-container-inner\"><div class=\"avia-image-overlay-wrap\"><img decoding=\"async\" class='wp-image-263 avia-img-lazy-loading-not-263 avia_image ' src=\"https:\/\/www.journalism-ethic.com\/wp-content\/uploads\/2023\/11\/Marco-Magheri-sw.jpeg\" alt='' title='Marco-Magheri-sw'  height=\"800\" width=\"600\"  itemprop=\"thumbnailUrl\" srcset=\"https:\/\/www.journalism-ethic.com\/wp-content\/uploads\/2023\/11\/Marco-Magheri-sw.jpeg 600w, https:\/\/www.journalism-ethic.com\/wp-content\/uploads\/2023\/11\/Marco-Magheri-sw-225x300.jpeg 225w, https:\/\/www.journalism-ethic.com\/wp-content\/uploads\/2023\/11\/Marco-Magheri-sw-529x705.jpeg 529w\" sizes=\"(max-width: 600px) 100vw, 600px\" \/><\/div><\/div><\/div><br \/>\n\n<style type=\"text\/css\" data-created_by=\"avia_inline_auto\" id=\"style-css-av-loy1jdk6-161a9eb9568385269e8c585cc8237ea4\">\n#top .av-special-heading.av-loy1jdk6-161a9eb9568385269e8c585cc8237ea4{\npadding-bottom:10px;\n}\nbody .av-special-heading.av-loy1jdk6-161a9eb9568385269e8c585cc8237ea4 .av-special-heading-tag .heading-char{\nfont-size:25px;\n}\n.av-special-heading.av-loy1jdk6-161a9eb9568385269e8c585cc8237ea4 .av-subheading{\nfont-size:15px;\n}\n<\/style>\n<div  class='av-special-heading av-loy1jdk6-161a9eb9568385269e8c585cc8237ea4 av-special-heading-h2 blockquote modern-quote modern-centered  avia-builder-el-42  el_after_av_image  el_before_av_textblock '><h2 class='av-special-heading-tag'  itemprop=\"headline\"  >Marco Magheri<\/h2><div class=\"special-heading-border\"><div class=\"special-heading-inner-border\"><\/div><\/div><\/div><br \/>\n\n<style type=\"text\/css\" data-created_by=\"avia_inline_auto\" id=\"style-css-av-loy1jw6r-3b016cde9bf517ecff9e06e68642c66a\">\n#top .av_textblock_section.av-loy1jw6r-3b016cde9bf517ecff9e06e68642c66a .avia_textblock{\nfont-size:16px;\n}\n.avia-fold-unfold-section.av-fold-textblock-av-loy1jw6r-3b016cde9bf517ecff9e06e68642c66a .av-fold-unfold-container{\nmax-height:80px;\n}\n<\/style>\n<section id=\"avia_sc_text_9\" class='av_textblock_section av-loy1jw6r-3b016cde9bf517ecff9e06e68642c66a avia-fold-unfold-section avia-fold-textblock-wrap avia-fold-init av-fold-textblock-av-loy1jw6r-3b016cde9bf517ecff9e06e68642c66a avia-size-small align-center' data-fold_unfold=\"{&quot;type&quot;:&quot;avia-fold-unfold-section&quot;,&quot;height&quot;:80,&quot;more&quot;:&quot;continua&quot;,&quot;less&quot;:&quot;riduci&quot;,&quot;context&quot;:&quot;avia_sc_text&quot;}\"  itemscope=\"itemscope\" itemtype=\"https:\/\/schema.org\/CreativeWork\" ><div class=\"av-fold-unfold-container folded\"><\/div><div class='av-fold-button-wrapper av-textblock-btn-wrap avia-button-wrap'><a href=\"#\" class=\"av-fold-button-container  avia-button avia-size-small avia-color-dark\" data-ignore_hash=\"1\" data-no_scroll_in_viewport=\"1\" data-scroll_top_offset=\"50\">continua<\/a><\/div><div class='avia_textblock'  itemprop=\"text\" ><p style=\"text-align: left;\">Giornalista e comunicatore pubblico ed istituzionale, Professore a contratto dell\u2019Universit\u00e0 La Sapienza di Roma.<\/p>\n<p style=\"text-align: left;\"><strong>Programma: <\/strong>Comunicazione e informazione rappresentano a tutti gli effetti un diritto fondamentale per le persone nella traiettoria europea. Responsabilit\u00e0 e consapevolezza \u00e8 il mantra per professionisti e cittadini per navigare in un sistema sempre pi\u00f9 complesso e iperconnesso.<\/p>\n<\/div><\/section><\/p>\n<\/div><\/div><div class='flex_cell av-nsdnc-75b77e4997a55bc5a009d05176514ce5 av-gridrow-cell av_one_fifth no_margin  avia-builder-el-44  el_after_av_cell_one_fifth  el_before_av_cell_one_fifth ' ><div class='flex_cell_inner'><p>\n<style type=\"text\/css\" data-created_by=\"avia_inline_auto\" id=\"style-css-av-531bg8-83a990389cfa7a32cf8408dbac5e9559\">\n.avia-image-container.av-531bg8-83a990389cfa7a32cf8408dbac5e9559 img.avia_image{\nbox-shadow:none;\n}\n.avia-image-container.av-531bg8-83a990389cfa7a32cf8408dbac5e9559 .av-image-caption-overlay-center{\ncolor:#ffffff;\n}\n<\/style>\n<div  class='avia-image-container av-531bg8-83a990389cfa7a32cf8408dbac5e9559 av-styling- avia_animated_image av-animated-when-visible-95 fade-in avia-align-center  avia-builder-el-45  el_before_av_heading  avia-builder-el-first '   itemprop=\"image\" itemscope=\"itemscope\" itemtype=\"https:\/\/schema.org\/ImageObject\" ><div class=\"avia-image-container-inner\"><div class=\"avia-image-overlay-wrap\"><img decoding=\"async\" class='wp-image-320 avia-img-lazy-loading-not-320 avia_image ' src=\"https:\/\/www.journalism-ethic.com\/wp-content\/uploads\/2023\/11\/bedendo-sw.jpg\" alt='' title='bedendo-sw'  height=\"800\" width=\"600\"  itemprop=\"thumbnailUrl\" srcset=\"https:\/\/www.journalism-ethic.com\/wp-content\/uploads\/2023\/11\/bedendo-sw.jpg 600w, https:\/\/www.journalism-ethic.com\/wp-content\/uploads\/2023\/11\/bedendo-sw-225x300.jpg 225w, https:\/\/www.journalism-ethic.com\/wp-content\/uploads\/2023\/11\/bedendo-sw-529x705.jpg 529w\" sizes=\"(max-width: 600px) 100vw, 600px\" \/><\/div><\/div><\/div><br \/>\n\n<style type=\"text\/css\" data-created_by=\"avia_inline_auto\" id=\"style-css-av-loy1gdfu-159d6e2ac08a14e4974faba703da11fd\">\n#top .av-special-heading.av-loy1gdfu-159d6e2ac08a14e4974faba703da11fd{\npadding-bottom:10px;\n}\nbody .av-special-heading.av-loy1gdfu-159d6e2ac08a14e4974faba703da11fd .av-special-heading-tag .heading-char{\nfont-size:25px;\n}\n.av-special-heading.av-loy1gdfu-159d6e2ac08a14e4974faba703da11fd .av-subheading{\nfont-size:15px;\n}\n<\/style>\n<div  class='av-special-heading av-loy1gdfu-159d6e2ac08a14e4974faba703da11fd av-special-heading-h2 blockquote modern-quote modern-centered  avia-builder-el-46  el_after_av_image  el_before_av_textblock '><h2 class='av-special-heading-tag'  itemprop=\"headline\"  >Gian Maria Bedendo<\/h2><div class=\"special-heading-border\"><div class=\"special-heading-inner-border\"><\/div><\/div><\/div><br \/>\n\n<style type=\"text\/css\" data-created_by=\"avia_inline_auto\" id=\"style-css-av-loy2qcp1-2e2c3cb0816b0587df2df007310dedb9\">\n#top .av_textblock_section.av-loy2qcp1-2e2c3cb0816b0587df2df007310dedb9 .avia_textblock{\nfont-size:16px;\n}\n.avia-fold-unfold-section.av-fold-textblock-av-loy2qcp1-2e2c3cb0816b0587df2df007310dedb9 .av-fold-unfold-container{\nmax-height:80px;\n}\n<\/style>\n<section id=\"avia_sc_text_10\" class='av_textblock_section av-loy2qcp1-2e2c3cb0816b0587df2df007310dedb9 avia-fold-unfold-section avia-fold-textblock-wrap avia-fold-init av-fold-textblock-av-loy2qcp1-2e2c3cb0816b0587df2df007310dedb9 avia-size-small align-center' data-fold_unfold=\"{&quot;type&quot;:&quot;avia-fold-unfold-section&quot;,&quot;height&quot;:80,&quot;more&quot;:&quot;continua&quot;,&quot;less&quot;:&quot;riduci&quot;,&quot;context&quot;:&quot;avia_sc_text&quot;}\"  itemscope=\"itemscope\" itemtype=\"https:\/\/schema.org\/CreativeWork\" ><div class=\"av-fold-unfold-container folded\"><\/div><div class='av-fold-button-wrapper av-textblock-btn-wrap avia-button-wrap'><a href=\"#\" class=\"av-fold-button-container  avia-button avia-size-small avia-color-dark\" data-ignore_hash=\"1\" data-no_scroll_in_viewport=\"1\" data-scroll_top_offset=\"50\">continua<\/a><\/div><div class='avia_textblock'  itemprop=\"text\" ><p style=\"text-align: left;\">Direttore responsabile del quotidiano online \u201cQuotidiano indipendente\u201d e della banca dati \u201cDatastorica\u201d.<\/p>\n<p style=\"text-align: left;\"><strong>Programma: <\/strong>Il difficile ruolo del giornalista ufficio stampa, stretto tra deontologia professionale ed esigenze della committenza.<\/p>\n<\/div><\/section><\/p>\n<\/div><\/div><div class='flex_cell av-gxxqg-385269d64fc5ae2030bb239f7361d99f av-gridrow-cell av_one_fifth no_margin  avia-builder-el-48  el_after_av_cell_one_fifth  el_before_av_cell_one_fifth ' ><div class='flex_cell_inner'><p>\n<style type=\"text\/css\" data-created_by=\"avia_inline_auto\" id=\"style-css-av-loy2u7q8-32dd72e9b6eab791d73f0c667b68c3f5\">\n.avia-image-container.av-loy2u7q8-32dd72e9b6eab791d73f0c667b68c3f5 img.avia_image{\nbox-shadow:none;\n}\n.avia-image-container.av-loy2u7q8-32dd72e9b6eab791d73f0c667b68c3f5 .av-image-caption-overlay-center{\ncolor:#ffffff;\n}\n<\/style>\n<div  class='avia-image-container av-loy2u7q8-32dd72e9b6eab791d73f0c667b68c3f5 av-styling- avia_animated_image av-animated-when-visible-95 fade-in avia-align-center  avia-builder-el-49  el_before_av_heading  avia-builder-el-first '   itemprop=\"image\" itemscope=\"itemscope\" itemtype=\"https:\/\/schema.org\/ImageObject\" ><div class=\"avia-image-container-inner\"><div class=\"avia-image-overlay-wrap\"><img decoding=\"async\" class='wp-image-265 avia-img-lazy-loading-not-265 avia_image ' src=\"https:\/\/www.journalism-ethic.com\/wp-content\/uploads\/2023\/11\/Martin-Slater-sw.jpeg\" alt='' title='Martin-Slater-sw'  height=\"799\" width=\"600\"  itemprop=\"thumbnailUrl\" srcset=\"https:\/\/www.journalism-ethic.com\/wp-content\/uploads\/2023\/11\/Martin-Slater-sw.jpeg 600w, https:\/\/www.journalism-ethic.com\/wp-content\/uploads\/2023\/11\/Martin-Slater-sw-225x300.jpeg 225w, https:\/\/www.journalism-ethic.com\/wp-content\/uploads\/2023\/11\/Martin-Slater-sw-529x705.jpeg 529w\" sizes=\"(max-width: 600px) 100vw, 600px\" \/><\/div><\/div><\/div><br \/>\n\n<style type=\"text\/css\" data-created_by=\"avia_inline_auto\" id=\"style-css-av-loy2tjh6-12a31a361c2a95cee6b3b25b6425d6a5\">\n#top .av-special-heading.av-loy2tjh6-12a31a361c2a95cee6b3b25b6425d6a5{\npadding-bottom:10px;\n}\nbody .av-special-heading.av-loy2tjh6-12a31a361c2a95cee6b3b25b6425d6a5 .av-special-heading-tag .heading-char{\nfont-size:25px;\n}\n.av-special-heading.av-loy2tjh6-12a31a361c2a95cee6b3b25b6425d6a5 .av-subheading{\nfont-size:15px;\n}\n<\/style>\n<div  class='av-special-heading av-loy2tjh6-12a31a361c2a95cee6b3b25b6425d6a5 av-special-heading-h2 blockquote modern-quote modern-centered  avia-builder-el-50  el_after_av_image  el_before_av_textblock '><h2 class='av-special-heading-tag'  itemprop=\"headline\"  >Martin Slater<\/h2><div class=\"special-heading-border\"><div class=\"special-heading-inner-border\"><\/div><\/div><\/div><br \/>\n\n<style type=\"text\/css\" data-created_by=\"avia_inline_auto\" id=\"style-css-av-loy2vmkx-e9440328063b96bfc6ae3a46112db7bb\">\n#top .av_textblock_section.av-loy2vmkx-e9440328063b96bfc6ae3a46112db7bb .avia_textblock{\nfont-size:16px;\n}\n.avia-fold-unfold-section.av-fold-textblock-av-loy2vmkx-e9440328063b96bfc6ae3a46112db7bb .av-fold-unfold-container{\nmax-height:80px;\n}\n<\/style>\n<section id=\"avia_sc_text_11\" class='av_textblock_section av-loy2vmkx-e9440328063b96bfc6ae3a46112db7bb avia-fold-unfold-section avia-fold-textblock-wrap avia-fold-init av-fold-textblock-av-loy2vmkx-e9440328063b96bfc6ae3a46112db7bb avia-size-small align-center' data-fold_unfold=\"{&quot;type&quot;:&quot;avia-fold-unfold-section&quot;,&quot;height&quot;:80,&quot;more&quot;:&quot;continua&quot;,&quot;less&quot;:&quot;riduci&quot;,&quot;context&quot;:&quot;avia_sc_text&quot;}\"  itemscope=\"itemscope\" itemtype=\"https:\/\/schema.org\/CreativeWork\" ><div class=\"av-fold-unfold-container folded\"><\/div><div class='av-fold-button-wrapper av-textblock-btn-wrap avia-button-wrap'><a href=\"#\" class=\"av-fold-button-container  avia-button avia-size-small avia-color-dark\" data-ignore_hash=\"1\" data-no_scroll_in_viewport=\"1\" data-scroll_top_offset=\"50\">continua<\/a><\/div><div class='avia_textblock'  itemprop=\"text\" ><p>Fondatore di Noesis, ha rilevato Aretr\u00e9 nel 2006 e ha creato TwentyTwenty nel 2009, facendone uno dei principali gruppi di comunicazione integrata oggi presenti sul mercato italiano.<\/p>\n<p style=\"text-align: left;\"><strong>Programma: <\/strong>Il concetto di Etica nel Giornalismo e nella Comunicazione anglosassone. Il giornalismo anglosassone \u00e8 sempre stato un punto di rifermento fondamentale per i professionisti dell\u2019informazione e della comunicazione di tutto il mondo. Come concilia, oggi, il rispetto di regole etiche consolidate con l\u2019evoluzione del mondo della comunicazione.<\/p>\n<\/div><\/section><\/p>\n<\/div><\/div><div class='flex_cell av-7pglk-ae6848ac3519d6dd50703c6a7289940d av-gridrow-cell av_one_fifth no_margin  avia-builder-el-52  el_after_av_cell_one_fifth  avia-builder-el-last ' ><div class='flex_cell_inner'><p>\n<style type=\"text\/css\" data-created_by=\"avia_inline_auto\" id=\"style-css-av-3d81vs-89fa00d0fb069395614c1ce9966e8163\">\n.avia-image-container.av-3d81vs-89fa00d0fb069395614c1ce9966e8163 img.avia_image{\nbox-shadow:none;\n}\n.avia-image-container.av-3d81vs-89fa00d0fb069395614c1ce9966e8163 .av-image-caption-overlay-center{\ncolor:#ffffff;\n}\n<\/style>\n<div  class='avia-image-container av-3d81vs-89fa00d0fb069395614c1ce9966e8163 av-styling- avia_animated_image av-animated-when-visible-95 fade-in avia-align-center  avia-builder-el-53  el_before_av_heading  avia-builder-el-first '   itemprop=\"image\" itemscope=\"itemscope\" itemtype=\"https:\/\/schema.org\/ImageObject\" ><div class=\"avia-image-container-inner\"><div class=\"avia-image-overlay-wrap\"><img decoding=\"async\" class='wp-image-267 avia-img-lazy-loading-not-267 avia_image ' src=\"https:\/\/www.journalism-ethic.com\/wp-content\/uploads\/2023\/11\/Nona-Mikhelidze-sw.jpeg\" alt='' title='Nona-Mikhelidze--sw'  height=\"800\" width=\"600\"  itemprop=\"thumbnailUrl\" srcset=\"https:\/\/www.journalism-ethic.com\/wp-content\/uploads\/2023\/11\/Nona-Mikhelidze-sw.jpeg 600w, https:\/\/www.journalism-ethic.com\/wp-content\/uploads\/2023\/11\/Nona-Mikhelidze-sw-225x300.jpeg 225w, https:\/\/www.journalism-ethic.com\/wp-content\/uploads\/2023\/11\/Nona-Mikhelidze-sw-529x705.jpeg 529w\" sizes=\"(max-width: 600px) 100vw, 600px\" \/><\/div><\/div><\/div><br \/>\n\n<style type=\"text\/css\" data-created_by=\"avia_inline_auto\" id=\"style-css-av-loy1l229-07cca7b8d7dab013f2b0f713831c2b9e\">\n#top .av-special-heading.av-loy1l229-07cca7b8d7dab013f2b0f713831c2b9e{\npadding-bottom:10px;\n}\nbody .av-special-heading.av-loy1l229-07cca7b8d7dab013f2b0f713831c2b9e .av-special-heading-tag .heading-char{\nfont-size:25px;\n}\n.av-special-heading.av-loy1l229-07cca7b8d7dab013f2b0f713831c2b9e .av-subheading{\nfont-size:15px;\n}\n<\/style>\n<div  class='av-special-heading av-loy1l229-07cca7b8d7dab013f2b0f713831c2b9e av-special-heading-h2 blockquote modern-quote modern-centered  avia-builder-el-54  el_after_av_image  el_before_av_textblock '><h2 class='av-special-heading-tag'  itemprop=\"headline\"  >Nona Mikhelidze<\/h2><div class=\"special-heading-border\"><div class=\"special-heading-inner-border\"><\/div><\/div><\/div><br \/>\n\n<style type=\"text\/css\" data-created_by=\"avia_inline_auto\" id=\"style-css-av-loy2wdbc-bc6d4b448e9a2b4c41fe895fce7254e1\">\n#top .av_textblock_section.av-loy2wdbc-bc6d4b448e9a2b4c41fe895fce7254e1 .avia_textblock{\nfont-size:16px;\n}\n.avia-fold-unfold-section.av-fold-textblock-av-loy2wdbc-bc6d4b448e9a2b4c41fe895fce7254e1 .av-fold-unfold-container{\nmax-height:80px;\n}\n<\/style>\n<section id=\"avia_sc_text_12\" class='av_textblock_section av-loy2wdbc-bc6d4b448e9a2b4c41fe895fce7254e1 avia-fold-unfold-section avia-fold-textblock-wrap avia-fold-init av-fold-textblock-av-loy2wdbc-bc6d4b448e9a2b4c41fe895fce7254e1 avia-size-small align-center' data-fold_unfold=\"{&quot;type&quot;:&quot;avia-fold-unfold-section&quot;,&quot;height&quot;:80,&quot;more&quot;:&quot;continua&quot;,&quot;less&quot;:&quot;riduci&quot;,&quot;context&quot;:&quot;avia_sc_text&quot;}\"  itemscope=\"itemscope\" itemtype=\"https:\/\/schema.org\/CreativeWork\" ><div class=\"av-fold-unfold-container folded\"><\/div><div class='av-fold-button-wrapper av-textblock-btn-wrap avia-button-wrap'><a href=\"#\" class=\"av-fold-button-container  avia-button avia-size-small avia-color-dark\" data-ignore_hash=\"1\" data-no_scroll_in_viewport=\"1\" data-scroll_top_offset=\"50\">continua<\/a><\/div><div class='avia_textblock'  itemprop=\"text\" ><p>Ricercatrice senior presso l\u2019Istituto Affari Internazionali (IAI). I suoi interessi di ricerca includono l\u2019UE e il Vicinato Orientale, nonch\u00e9 la politica estera russa nello spazio ex-sovietico. Nel 2023 le \u00e8 stato assegnato il Premio Viareggio come giornalista dell\u2019anno per il suo significativo contributo al dibattito pubblico sulla guerra.<\/p>\n<p style=\"text-align: left;\"><strong>Programma: <\/strong>Nel mondo in costante evoluzione di oggi, ci troviamo a navigare in un&#8217;era caratterizzata dalla &#8220;post-verit\u00e0&#8221;, dove la verit\u00e0 \u00e8 talvolta sfuggente, la disinformazione \u00e8 diffusa e le fondamenta della democrazia stanno pericolosamente vacillando. In un contesto di di guerra russa all\u2019Ucraina, il ruolo del giornalismo \u00e8 cruciale nel fornire informazioni accurate e affidabili al pubblico. Tuttavia, in Italia, durante la guerra, si sono verificate e continuano a verificarsi sfide legate alla cattiva informazione, tra cui la disinformazione, la misinformazione e la manipolazione delle notizie.<\/p>\n<\/div><\/section><\/p>\n<\/div><\/div>\n<\/div>\n<div id='av-layout-grid-3'  class='av-layout-grid-container av-av_layout_row-325ce2e38aac28dc3eb30ca8390c96f4 entry-content-wrapper main_color av-flex-cells  avia-builder-el-56  el_after_av_layout_row  el_before_av_section  grid-row-not-first  container_wrap fullsize'  >\n<div class='flex_cell av-av_cell_one_fifth-f73a11ccd29996a2a11249d534554c23 av-gridrow-cell av_one_fifth no_margin  avia-builder-el-57  el_before_av_cell_one_fifth  avia-builder-el-first ' ><div class='flex_cell_inner'><p>\n<style type=\"text\/css\" data-created_by=\"avia_inline_auto\" id=\"style-css-av-lpglmwga-80cbc9397d6ceb98b2b32e71ff566f4e\">\n.avia-image-container.av-lpglmwga-80cbc9397d6ceb98b2b32e71ff566f4e img.avia_image{\nbox-shadow:none;\n}\n.avia-image-container.av-lpglmwga-80cbc9397d6ceb98b2b32e71ff566f4e .av-image-caption-overlay-center{\ncolor:#ffffff;\n}\n<\/style>\n<div  class='avia-image-container av-lpglmwga-80cbc9397d6ceb98b2b32e71ff566f4e av-styling- avia_animated_image av-animated-when-visible-95 fade-in avia-align-center  avia-builder-el-58  el_before_av_heading  avia-builder-el-first '   itemprop=\"image\" itemscope=\"itemscope\" itemtype=\"https:\/\/schema.org\/ImageObject\" ><div class=\"avia-image-container-inner\"><div class=\"avia-image-overlay-wrap\"><img decoding=\"async\" class='wp-image-325 avia-img-lazy-loading-not-325 avia_image ' src=\"https:\/\/www.journalism-ethic.com\/wp-content\/uploads\/2023\/11\/raffaele-fiengo-sw.jpg\" alt='' title='raffaele-fiengo-sw'  height=\"801\" width=\"600\"  itemprop=\"thumbnailUrl\" srcset=\"https:\/\/www.journalism-ethic.com\/wp-content\/uploads\/2023\/11\/raffaele-fiengo-sw.jpg 600w, https:\/\/www.journalism-ethic.com\/wp-content\/uploads\/2023\/11\/raffaele-fiengo-sw-225x300.jpg 225w, https:\/\/www.journalism-ethic.com\/wp-content\/uploads\/2023\/11\/raffaele-fiengo-sw-528x705.jpg 528w\" sizes=\"(max-width: 600px) 100vw, 600px\" \/><\/div><\/div><\/div><br \/>\n\n<style type=\"text\/css\" data-created_by=\"avia_inline_auto\" id=\"style-css-av-lpglngcv-e6b94d90bd533d18b748687227f35f8b\">\n#top .av-special-heading.av-lpglngcv-e6b94d90bd533d18b748687227f35f8b{\npadding-bottom:10px;\n}\nbody .av-special-heading.av-lpglngcv-e6b94d90bd533d18b748687227f35f8b .av-special-heading-tag .heading-char{\nfont-size:25px;\n}\n.av-special-heading.av-lpglngcv-e6b94d90bd533d18b748687227f35f8b .av-subheading{\nfont-size:15px;\n}\n<\/style>\n<div  class='av-special-heading av-lpglngcv-e6b94d90bd533d18b748687227f35f8b av-special-heading-h2 blockquote modern-quote modern-centered  avia-builder-el-59  el_after_av_image  el_before_av_textblock '><h2 class='av-special-heading-tag'  itemprop=\"headline\"  >Raffaele Fiengo<\/h2><div class=\"special-heading-border\"><div class=\"special-heading-inner-border\"><\/div><\/div><\/div><br \/>\n\n<style type=\"text\/css\" data-created_by=\"avia_inline_auto\" id=\"style-css-av-lpgln96v-2b0d7c1354acf0a64b32602df1ef2790\">\n#top .av_textblock_section.av-lpgln96v-2b0d7c1354acf0a64b32602df1ef2790 .avia_textblock{\nfont-size:16px;\n}\n.avia-fold-unfold-section.av-fold-textblock-av-lpgln96v-2b0d7c1354acf0a64b32602df1ef2790 .av-fold-unfold-container{\nmax-height:80px;\n}\n<\/style>\n<section id=\"avia_sc_text_13\" class='av_textblock_section av-lpgln96v-2b0d7c1354acf0a64b32602df1ef2790 avia-fold-unfold-section avia-fold-textblock-wrap avia-fold-init av-fold-textblock-av-lpgln96v-2b0d7c1354acf0a64b32602df1ef2790 avia-size-small align-center' data-fold_unfold=\"{&quot;type&quot;:&quot;avia-fold-unfold-section&quot;,&quot;height&quot;:80,&quot;more&quot;:&quot;continua&quot;,&quot;less&quot;:&quot;riduci&quot;,&quot;context&quot;:&quot;avia_sc_text&quot;}\"  itemscope=\"itemscope\" itemtype=\"https:\/\/schema.org\/CreativeWork\" ><div class=\"av-fold-unfold-container folded\"><\/div><div class='av-fold-button-wrapper av-textblock-btn-wrap avia-button-wrap'><a href=\"#\" class=\"av-fold-button-container  avia-button avia-size-small avia-color-dark\" data-ignore_hash=\"1\" data-no_scroll_in_viewport=\"1\" data-scroll_top_offset=\"50\">continua<\/a><\/div><div class='avia_textblock'  itemprop=\"text\" ><p>(Cambridge, Massachusetts, Usa 1940), giornalista a riposo della sezione cultura del Corriere della Sera, ha insegnato linguaggio giornalistico per 16 anni all\u2019universit\u00e0 di Padova. Ora \u00e8 all\u2019universit\u00e0 La Sapienza di Roma.<\/p>\n<p>Dal 1973 al 1983 \u00e8 stato membro del Comitato di redazione del Corriere della Sera, ruolo che riprendera\u2019\u00a0 dal 1993 al 2005. Nel 1983 si \u00e8 occupato per la Commissione parlamentare d&#8217;inchiesta sulla Loggia massonica P2 della raccolta dei materiali per una maggiore comprensione dei rapporti tra la loggia massonica e i giornali del gruppo Rizzoli &#8211; Corriere della Sera, dossier pubblicato negli atti delle Camere. Nel 2016 ha pubblicato \u201cIl cuore del potere\u201d, Chiarelettere. Ha diretto la Scuola di giornalismo di Urbino nel biennio 2009-2010.<\/p>\n<\/div><\/section><\/p>\n<\/div><\/div><div class='flex_cell av-av_cell_one_fifth-f73a11ccd29996a2a11249d534554c23 av-gridrow-cell av_one_fifth no_margin  avia-builder-el-61  el_after_av_cell_one_fifth  el_before_av_cell_one_fifth ' ><div class='flex_cell_inner'><\/div><\/div><div class='flex_cell av-av_cell_one_fifth-f73a11ccd29996a2a11249d534554c23 av-gridrow-cell av_one_fifth no_margin  avia-builder-el-62  el_after_av_cell_one_fifth  el_before_av_cell_one_fifth ' ><div class='flex_cell_inner'><\/div><\/div><div class='flex_cell av-av_cell_one_fifth-f73a11ccd29996a2a11249d534554c23 av-gridrow-cell av_one_fifth no_margin  avia-builder-el-63  el_after_av_cell_one_fifth  el_before_av_cell_one_fifth ' ><div class='flex_cell_inner'><\/div><\/div><div class='flex_cell av-av_cell_one_fifth-f73a11ccd29996a2a11249d534554c23 av-gridrow-cell av_one_fifth no_margin  avia-builder-el-64  el_after_av_cell_one_fifth  avia-builder-el-last ' ><div class='flex_cell_inner'><\/div><\/div>\n<\/div>\n\n<style type=\"text\/css\" data-created_by=\"avia_inline_auto\" id=\"style-css-av-dvq54-4a2fdfb384a95f975cd1b75dca04eb9d\">\n.avia-section.av-dvq54-4a2fdfb384a95f975cd1b75dca04eb9d{\nbackground-color:#111111;\nbackground-image:unset;\n}\n<\/style>\n<div id='av_section_2'  class='avia-section av-dvq54-4a2fdfb384a95f975cd1b75dca04eb9d footer_color avia-section-default avia-no-border-styling  avia-builder-el-65  el_after_av_layout_row  avia-builder-el-last  avia-bg-style-scroll container_wrap fullsize'  ><div class='container av-section-cont-open' ><div class='template-page content  av-content-full alpha units'><div class='post-entry post-entry-type-page post-entry-292'><div class='entry-content-wrapper clearfix'>\n<section  class='av_textblock_section av-7yw3s-7aa3b7f9ce72222531d63c261e4cc0ef '   itemscope=\"itemscope\" itemtype=\"https:\/\/schema.org\/CreativeWork\" ><div class='avia_textblock'  itemprop=\"text\" ><h2>Dibattito dedicato ai media locali<\/h2>\n<p>L\u2019importanza dei media locali \u00e8 molto grande. Svolgono un ruolo cruciale nell&#8217;informare il pubblico su eventi, attivit\u00e0 e questioni locali. Ecco alcuni motivi per cui i media locali sono importanti:<\/p>\n<ol>\n<li>Fonte di informazione: i media locali forniscono informazioni su notizie, eventi, politica, affari e cultura locali. Danno alle persone l&#8217;opportunit\u00e0 di rimanere aggiornati su ci\u00f2 che accade nelle loro immediate vicinanze.<\/li>\n<li>Legame con la comunit\u00e0: i media locali promuovono i legami con la comunit\u00e0 evidenziando storie e personalit\u00e0 locali. Creano consapevolezza dei bisogni e degli interessi della comunit\u00e0, il che porta ad una maggiore coesione. Svolgono un ruolo cruciale nell&#8217;informare il pubblico su eventi, attivit\u00e0 e questioni locali.<\/li>\n<li>Sostenere l&#8217;economia locale<\/li>\n<\/ol>\n<p><strong>Probabilmente 6 rappresentanti dei media locali discutono sul tema: \u201cGiornalismo ed etica\u201d<\/strong><br \/>\n<strong>I rappresentanti provengono dalle seguenti redazioni:<\/strong><\/p>\n<ul>\n<li>Corriere dell`Atlo Adige (Giancarlo Riccio)<\/li>\n<li>Salto<\/li>\n<li>FF (Georg Mair)<\/li>\n<li>Alto Adige, Rai Alto Adige (Floriana Gavazzi)<\/li>\n<li>RAI \u2013 S\u00fcdtirol (Michaela Mahlknecht)<\/li>\n<\/ul>\n<\/div><\/section>\n\n","protected":false},"excerpt":{"rendered":"","protected":false},"author":1,"featured_media":180,"parent":0,"menu_order":0,"comment_status":"closed","ping_status":"closed","template":"","meta":{"footnotes":""},"class_list":["post-292","page","type-page","status-publish","has-post-thumbnail","hentry"],"yoast_head":"<!-- This site is optimized with the Yoast SEO plugin v28.4 - https:\/\/yoast.com\/product\/yoast-seo-wordpress\/ -->\n<title>Programma del giorno - Giornalismo &amp; Etica<\/title>\n<meta name=\"description\" content=\"1\u00b0 Convegno Internazionale Giornalismo &amp; Etica Programma del giorno e Relatrici\/Relatori - 7 dicembre 2023 - Accademia Cusanus - Bressanone\" \/>\n<meta name=\"robots\" content=\"index, follow, max-snippet:-1, max-image-preview:large, max-video-preview:-1\" \/>\n<link rel=\"canonical\" href=\"https:\/\/www.journalism-ethic.com\/it\/programma-del-giorno\/\" \/>\n<meta property=\"og:locale\" content=\"it_IT\" \/>\n<meta property=\"og:type\" content=\"article\" \/>\n<meta property=\"og:title\" content=\"Programma del giorno - Giornalismo &amp; Etica\" \/>\n<meta property=\"og:description\" content=\"1\u00b0 Convegno Internazionale Giornalismo &amp; Etica Programma del giorno e Relatrici\/Relatori - 7 dicembre 2023 - Accademia Cusanus - Bressanone\" \/>\n<meta property=\"og:url\" content=\"https:\/\/www.journalism-ethic.com\/it\/programma-del-giorno\/\" \/>\n<meta property=\"og:site_name\" content=\"Giornalismo &amp; Etica\" \/>\n<meta property=\"article:modified_time\" content=\"2024-10-09T13:48:47+00:00\" \/>\n<meta property=\"og:image\" content=\"https:\/\/www.journalism-ethic.com\/wp-content\/uploads\/2023\/06\/journalism-ethic_logo-seo.png\" \/>\n\t<meta property=\"og:image:width\" content=\"1200\" \/>\n\t<meta property=\"og:image:height\" content=\"676\" \/>\n\t<meta property=\"og:image:type\" content=\"image\/png\" \/>\n<meta name=\"twitter:card\" content=\"summary_large_image\" \/>\n<script type=\"application\/ld+json\" class=\"yoast-schema-graph\">{\"@context\":\"https:\\\/\\\/schema.org\",\"@graph\":[{\"@type\":\"WebPage\",\"@id\":\"https:\\\/\\\/www.journalism-ethic.com\\\/it\\\/programma-del-giorno\\\/\",\"url\":\"https:\\\/\\\/www.journalism-ethic.com\\\/it\\\/programma-del-giorno\\\/\",\"name\":\"Programma del giorno - Giornalismo & Etica\",\"isPartOf\":{\"@id\":\"https:\\\/\\\/www.journalism-ethic.com\\\/it\\\/#website\"},\"primaryImageOfPage\":{\"@id\":\"https:\\\/\\\/www.journalism-ethic.com\\\/it\\\/programma-del-giorno\\\/#primaryimage\"},\"image\":{\"@id\":\"https:\\\/\\\/www.journalism-ethic.com\\\/it\\\/programma-del-giorno\\\/#primaryimage\"},\"thumbnailUrl\":\"https:\\\/\\\/www.journalism-ethic.com\\\/wp-content\\\/uploads\\\/2023\\\/06\\\/journalism-ethic_logo-seo.png\",\"datePublished\":\"2023-11-14T08:11:02+00:00\",\"dateModified\":\"2024-10-09T13:48:47+00:00\",\"description\":\"1\u00b0 Convegno Internazionale Giornalismo & Etica Programma del giorno e Relatrici\\\/Relatori - 7 dicembre 2023 - Accademia Cusanus - Bressanone\",\"breadcrumb\":{\"@id\":\"https:\\\/\\\/www.journalism-ethic.com\\\/it\\\/programma-del-giorno\\\/#breadcrumb\"},\"inLanguage\":\"it-IT\",\"potentialAction\":[{\"@type\":\"ReadAction\",\"target\":[\"https:\\\/\\\/www.journalism-ethic.com\\\/it\\\/programma-del-giorno\\\/\"]}]},{\"@type\":\"ImageObject\",\"inLanguage\":\"it-IT\",\"@id\":\"https:\\\/\\\/www.journalism-ethic.com\\\/it\\\/programma-del-giorno\\\/#primaryimage\",\"url\":\"https:\\\/\\\/www.journalism-ethic.com\\\/wp-content\\\/uploads\\\/2023\\\/06\\\/journalism-ethic_logo-seo.png\",\"contentUrl\":\"https:\\\/\\\/www.journalism-ethic.com\\\/wp-content\\\/uploads\\\/2023\\\/06\\\/journalism-ethic_logo-seo.png\",\"width\":1200,\"height\":676,\"caption\":\"Giornalismo ed Etica Programma del giorno\"},{\"@type\":\"BreadcrumbList\",\"@id\":\"https:\\\/\\\/www.journalism-ethic.com\\\/it\\\/programma-del-giorno\\\/#breadcrumb\",\"itemListElement\":[{\"@type\":\"ListItem\",\"position\":1,\"name\":\"Startseite\",\"item\":\"https:\\\/\\\/www.journalism-ethic.com\\\/it\\\/giornalismo-ed-etica\\\/\"},{\"@type\":\"ListItem\",\"position\":2,\"name\":\"Programma del giorno\"}]},{\"@type\":\"WebSite\",\"@id\":\"https:\\\/\\\/www.journalism-ethic.com\\\/it\\\/#website\",\"url\":\"https:\\\/\\\/www.journalism-ethic.com\\\/it\\\/\",\"name\":\"Journalism & Ethic\",\"description\":\"Telefilm Film &amp; Communication\",\"publisher\":{\"@id\":\"https:\\\/\\\/www.journalism-ethic.com\\\/it\\\/#organization\"},\"potentialAction\":[{\"@type\":\"SearchAction\",\"target\":{\"@type\":\"EntryPoint\",\"urlTemplate\":\"https:\\\/\\\/www.journalism-ethic.com\\\/it\\\/?s={search_term_string}\"},\"query-input\":{\"@type\":\"PropertyValueSpecification\",\"valueRequired\":true,\"valueName\":\"search_term_string\"}}],\"inLanguage\":\"it-IT\"},{\"@type\":\"Organization\",\"@id\":\"https:\\\/\\\/www.journalism-ethic.com\\\/it\\\/#organization\",\"name\":\"Telefilm Film & Communication\",\"url\":\"https:\\\/\\\/www.journalism-ethic.com\\\/it\\\/\",\"logo\":{\"@type\":\"ImageObject\",\"inLanguage\":\"it-IT\",\"@id\":\"https:\\\/\\\/www.journalism-ethic.com\\\/it\\\/#\\\/schema\\\/logo\\\/image\\\/\",\"url\":\"https:\\\/\\\/www.journalism-ethic.com\\\/wp-content\\\/uploads\\\/2023\\\/07\\\/telefilm_logo-SEO-quadrat-2023.png\",\"contentUrl\":\"https:\\\/\\\/www.journalism-ethic.com\\\/wp-content\\\/uploads\\\/2023\\\/07\\\/telefilm_logo-SEO-quadrat-2023.png\",\"width\":700,\"height\":700,\"caption\":\"Telefilm Film & Communication\"},\"image\":{\"@id\":\"https:\\\/\\\/www.journalism-ethic.com\\\/it\\\/#\\\/schema\\\/logo\\\/image\\\/\"}}]}<\/script>\n<!-- \/ Yoast SEO plugin. -->","yoast_head_json":{"title":"Programma del giorno - Giornalismo & Etica","description":"1\u00b0 Convegno Internazionale Giornalismo & Etica Programma del giorno e Relatrici\/Relatori - 7 dicembre 2023 - Accademia Cusanus - Bressanone","robots":{"index":"index","follow":"follow","max-snippet":"max-snippet:-1","max-image-preview":"max-image-preview:large","max-video-preview":"max-video-preview:-1"},"canonical":"https:\/\/www.journalism-ethic.com\/it\/programma-del-giorno\/","og_locale":"it_IT","og_type":"article","og_title":"Programma del giorno - Giornalismo & Etica","og_description":"1\u00b0 Convegno Internazionale Giornalismo & Etica Programma del giorno e Relatrici\/Relatori - 7 dicembre 2023 - Accademia Cusanus - Bressanone","og_url":"https:\/\/www.journalism-ethic.com\/it\/programma-del-giorno\/","og_site_name":"Giornalismo & Etica","article_modified_time":"2024-10-09T13:48:47+00:00","og_image":[{"width":1200,"height":676,"url":"https:\/\/www.journalism-ethic.com\/wp-content\/uploads\/2023\/06\/journalism-ethic_logo-seo.png","type":"image\/png"}],"twitter_card":"summary_large_image","schema":{"@context":"https:\/\/schema.org","@graph":[{"@type":"WebPage","@id":"https:\/\/www.journalism-ethic.com\/it\/programma-del-giorno\/","url":"https:\/\/www.journalism-ethic.com\/it\/programma-del-giorno\/","name":"Programma del giorno - Giornalismo & Etica","isPartOf":{"@id":"https:\/\/www.journalism-ethic.com\/it\/#website"},"primaryImageOfPage":{"@id":"https:\/\/www.journalism-ethic.com\/it\/programma-del-giorno\/#primaryimage"},"image":{"@id":"https:\/\/www.journalism-ethic.com\/it\/programma-del-giorno\/#primaryimage"},"thumbnailUrl":"https:\/\/www.journalism-ethic.com\/wp-content\/uploads\/2023\/06\/journalism-ethic_logo-seo.png","datePublished":"2023-11-14T08:11:02+00:00","dateModified":"2024-10-09T13:48:47+00:00","description":"1\u00b0 Convegno Internazionale Giornalismo & Etica Programma del giorno e Relatrici\/Relatori - 7 dicembre 2023 - Accademia Cusanus - Bressanone","breadcrumb":{"@id":"https:\/\/www.journalism-ethic.com\/it\/programma-del-giorno\/#breadcrumb"},"inLanguage":"it-IT","potentialAction":[{"@type":"ReadAction","target":["https:\/\/www.journalism-ethic.com\/it\/programma-del-giorno\/"]}]},{"@type":"ImageObject","inLanguage":"it-IT","@id":"https:\/\/www.journalism-ethic.com\/it\/programma-del-giorno\/#primaryimage","url":"https:\/\/www.journalism-ethic.com\/wp-content\/uploads\/2023\/06\/journalism-ethic_logo-seo.png","contentUrl":"https:\/\/www.journalism-ethic.com\/wp-content\/uploads\/2023\/06\/journalism-ethic_logo-seo.png","width":1200,"height":676,"caption":"Giornalismo ed Etica Programma del giorno"},{"@type":"BreadcrumbList","@id":"https:\/\/www.journalism-ethic.com\/it\/programma-del-giorno\/#breadcrumb","itemListElement":[{"@type":"ListItem","position":1,"name":"Startseite","item":"https:\/\/www.journalism-ethic.com\/it\/giornalismo-ed-etica\/"},{"@type":"ListItem","position":2,"name":"Programma del giorno"}]},{"@type":"WebSite","@id":"https:\/\/www.journalism-ethic.com\/it\/#website","url":"https:\/\/www.journalism-ethic.com\/it\/","name":"Journalism & Ethic","description":"Telefilm Film &amp; Communication","publisher":{"@id":"https:\/\/www.journalism-ethic.com\/it\/#organization"},"potentialAction":[{"@type":"SearchAction","target":{"@type":"EntryPoint","urlTemplate":"https:\/\/www.journalism-ethic.com\/it\/?s={search_term_string}"},"query-input":{"@type":"PropertyValueSpecification","valueRequired":true,"valueName":"search_term_string"}}],"inLanguage":"it-IT"},{"@type":"Organization","@id":"https:\/\/www.journalism-ethic.com\/it\/#organization","name":"Telefilm Film & Communication","url":"https:\/\/www.journalism-ethic.com\/it\/","logo":{"@type":"ImageObject","inLanguage":"it-IT","@id":"https:\/\/www.journalism-ethic.com\/it\/#\/schema\/logo\/image\/","url":"https:\/\/www.journalism-ethic.com\/wp-content\/uploads\/2023\/07\/telefilm_logo-SEO-quadrat-2023.png","contentUrl":"https:\/\/www.journalism-ethic.com\/wp-content\/uploads\/2023\/07\/telefilm_logo-SEO-quadrat-2023.png","width":700,"height":700,"caption":"Telefilm Film & Communication"},"image":{"@id":"https:\/\/www.journalism-ethic.com\/it\/#\/schema\/logo\/image\/"}}]}},"_links":{"self":[{"href":"https:\/\/www.journalism-ethic.com\/it\/wp-json\/wp\/v2\/pages\/292","targetHints":{"allow":["GET"]}}],"collection":[{"href":"https:\/\/www.journalism-ethic.com\/it\/wp-json\/wp\/v2\/pages"}],"about":[{"href":"https:\/\/www.journalism-ethic.com\/it\/wp-json\/wp\/v2\/types\/page"}],"author":[{"embeddable":true,"href":"https:\/\/www.journalism-ethic.com\/it\/wp-json\/wp\/v2\/users\/1"}],"replies":[{"embeddable":true,"href":"https:\/\/www.journalism-ethic.com\/it\/wp-json\/wp\/v2\/comments?post=292"}],"version-history":[{"count":3,"href":"https:\/\/www.journalism-ethic.com\/it\/wp-json\/wp\/v2\/pages\/292\/revisions"}],"predecessor-version":[{"id":355,"href":"https:\/\/www.journalism-ethic.com\/it\/wp-json\/wp\/v2\/pages\/292\/revisions\/355"}],"wp:featuredmedia":[{"embeddable":true,"href":"https:\/\/www.journalism-ethic.com\/it\/wp-json\/wp\/v2\/media\/180"}],"wp:attachment":[{"href":"https:\/\/www.journalism-ethic.com\/it\/wp-json\/wp\/v2\/media?parent=292"}],"curies":[{"name":"wp","href":"https:\/\/api.w.org\/{rel}","templated":true}]}}